{"id":146,"date":"2024-03-15T15:38:00","date_gmt":"2024-03-15T14:38:00","guid":{"rendered":"http:\/\/test.kriesi.at\/minimal-portfolio\/?post_type=portfolio&#038;p=146"},"modified":"2024-10-23T16:20:45","modified_gmt":"2024-10-23T14:20:45","slug":"psygap-de-portfolio-item-zugaenge-zu-praeventions-und-reha-angeboten","status":"publish","type":"portfolio","link":"https:\/\/praeventionsguidepsyche.de\/index.php\/portfolio-item\/psygap-de-portfolio-item-zugaenge-zu-praeventions-und-reha-angeboten\/","title":{"rendered":"Projektstand Zug\u00e4nge | Stand September 2024"},"content":{"rendered":"<div id='av_section_1'  class='avia-section av-3o5vai-b18304e29a2599e11db5bf7ce15c1302 main_color avia-section-default avia-no-shadow  avia-builder-el-0  el_before_av_textblock  avia-builder-el-first  avia-bg-style-scroll container_wrap sidebar_right'  ><div class='container av-section-cont-open' ><main  role=\"main\" itemprop=\"mainContentOfPage\"  class='template-page content  av-content-small alpha units'><div class='post-entry post-entry-type-page post-entry-146'><div class='entry-content-wrapper clearfix'>\n\n<style type=\"text\/css\" data-created_by=\"avia_inline_auto\" id=\"style-css-av-3jxuaq-795d17764a5b12b2eec30c3cda6664c5\">\n.flex_column.av-3jxuaq-795d17764a5b12b2eec30c3cda6664c5{\nborder-radius:0px 0px 0px 0px;\npadding:0px 0px 0px 0px;\n}\n<\/style>\n<div  class='flex_column av-3jxuaq-795d17764a5b12b2eec30c3cda6664c5 av_one_full  avia-builder-el-1  el_before_av_textblock  avia-builder-el-first  first flex_column_div av-zero-column-padding  '     ><style type=\"text\/css\" data-created_by=\"avia_inline_auto\" id=\"style-css-av-3gj2jm-d84283fb094e3f214a3b2fcc3f58c05b\">\n#top .av-special-heading.av-3gj2jm-d84283fb094e3f214a3b2fcc3f58c05b{\npadding-bottom:20px;\ncolor:#000000;\nfont-size:40px;\n}\nbody .av-special-heading.av-3gj2jm-d84283fb094e3f214a3b2fcc3f58c05b .av-special-heading-tag .heading-char{\nfont-size:25px;\n}\n#top #wrap_all .av-special-heading.av-3gj2jm-d84283fb094e3f214a3b2fcc3f58c05b .av-special-heading-tag{\nfont-size:40px;\n}\n.av-special-heading.av-3gj2jm-d84283fb094e3f214a3b2fcc3f58c05b .special-heading-inner-border{\nborder-color:#000000;\n}\n.av-special-heading.av-3gj2jm-d84283fb094e3f214a3b2fcc3f58c05b .av-subheading{\nfont-size:10px;\n}\n\n@media only screen and (min-width: 480px) and (max-width: 767px){ \n#top #wrap_all .av-special-heading.av-3gj2jm-d84283fb094e3f214a3b2fcc3f58c05b .av-special-heading-tag{\nfont-size:0.8em;\n}\n}\n\n@media only screen and (max-width: 479px){ \n#top #wrap_all .av-special-heading.av-3gj2jm-d84283fb094e3f214a3b2fcc3f58c05b .av-special-heading-tag{\nfont-size:0.8em;\n}\n}\n<\/style>\n<div  class='av-special-heading av-3gj2jm-d84283fb094e3f214a3b2fcc3f58c05b av-special-heading-h3 custom-color-heading blockquote modern-quote  avia-builder-el-2  avia-builder-el-no-sibling  av-inherit-size'><h3 class='av-special-heading-tag'  itemprop=\"headline\"  >Zug\u00e4nge zu Pr\u00e4ventions- und  Reha-Angeboten<\/h3><div class='av_custom_color av-subheading av-subheading_below'><p>Stand: September 2024<\/p>\n<\/div><div class=\"special-heading-border\"><div class=\"special-heading-inner-border\"><\/div><\/div><\/div><\/div><section  class='av_textblock_section av-lvwasau6-55b153add35e1b5a9fc037d35d3e22b8 '   itemscope=\"itemscope\" itemtype=\"https:\/\/schema.org\/CreativeWork\" ><div class='avia_textblock'  itemprop=\"text\" ><p><strong>Die Karten geben einen ersten \u00dcberblick \u00fcber die Zug\u00e4nge zu Pr\u00e4ventions- und Reha-Angeboten f\u00fcr Besch\u00e4ftigte, wie sie in den Sozialgesetzb\u00fcchern zu finden sind.<\/strong><\/p>\n<p><strong>Mit jeder Politikwerkstatt werden die neuen Angebote in die nachfolgende Grafik eingef\u00fcgt und beschrieben.<\/strong><\/p>\n<p><strong>Vorangegangene Zug\u00e4nge k\u00f6nnen auch weiterhin von den Besch\u00e4ftigten genutzt werden, auch wenn die Angebote in der jeweiligen Grafik nicht mehr explizit aufgef\u00fchrt sind.<\/strong><\/p>\n<\/div><\/section>\n<\/div><\/div><\/main><!-- close content main element --><\/div><\/div><div id='after_section_1'  class='main_color av_default_container_wrap container_wrap sidebar_right'  ><div class='container av-section-cont-open' ><div class='template-page content  av-content-small alpha units'><div class='post-entry post-entry-type-page post-entry-146'><div class='entry-content-wrapper clearfix'><section  class='av_textblock_section av-m0p8gldh-4f1961de4c982408925d2b9cabc46402 '   itemscope=\"itemscope\" itemtype=\"https:\/\/schema.org\/CreativeWork\" ><div class='avia_textblock'  itemprop=\"text\" ><h3 style=\"text-align: center;\">Zug\u00e4nge &#8222;well at work&#8220; (PW I)<\/h3>\n<\/div><\/section><\/p>\n\n<style type=\"text\/css\" data-created_by=\"avia_inline_auto\" id=\"style-css-av-m0p8lzu8-3027e2ebbd5111796002c30ae3f339d1\">\n#top .hr.hr-invisible.av-m0p8lzu8-3027e2ebbd5111796002c30ae3f339d1{\nheight:25px;\n}\n<\/style>\n<div  class='hr av-m0p8lzu8-3027e2ebbd5111796002c30ae3f339d1 hr-invisible  avia-builder-el-5  el_after_av_textblock  el_before_av_textblock '><span class='hr-inner '><span class=\"hr-inner-style\"><\/span><\/span><\/div>\n<section  class='av_textblock_section av-lvw49grb-faacb6db19bbec7a19c6e64ed175d713 '   itemscope=\"itemscope\" itemtype=\"https:\/\/schema.org\/CreativeWork\" ><div class='avia_textblock'  itemprop=\"text\" >\n<style>\n\t#hotspot-9655 .hotspots-image-container,\n\t#hotspot-9655 .leaflet-container {\n\t\tbackground: #efefef\t}\n\n\t#hotspot-9655 .hotspots-placeholder,\n\t.featherlight .featherlight-content.lightbox-9655 {\n\t\tbackground: #ffffff;\n\t\tborder: 0 #ffffff solid;\n\t\tcolor: #000000;\n\t}\n\n\t#hotspot-9655 .hotspot-title,\n\t#hotspot-9655 .bc-product__title a,\n\t.featherlight .featherlight-content.lightbox-9655 .hotspot-title,\n\t.featherlight .featherlight-content.lightbox-9655 .bc-product__title a {\n\t\tcolor: #000000;\n\t}\n\n\t\t\t#hotspot-9655 .hotspot-style-1 {\n\t\t\tstroke-width: 1;\n\t\t\tfill: #ffffff;\n\t\t\tfill-opacity: 0;\n\t\t\tstroke: #ffffff;\n\t\t\tstroke-opacity: 0;\n\t\t}\n\t\t#hotspot-9655 .hotspot-style-1:hover,\n\t\t#hotspot-9655 .hotspot-style-1:focus,\n\t\t#hotspot-9655 .hotspot-style-1.hotspot-active {\n\t\t\tfill: #ffffff;\n\t\t\tfill-opacity: 0.81;\n\t\t\toutline: none;\n\t\t\tstroke: #ffffff;\n\t\t\tstroke-opacity: 0.26;\n\t\t}\n\t\t\t#hotspot-9655 .hotspot-default {\n\t\t\tstroke-width: 1;\n\t\t\tfill: #ffffff;\n\t\t\tfill-opacity: 0;\n\t\t\tstroke: #ffffff;\n\t\t\tstroke-opacity: 0;\n\t\t}\n\t\t#hotspot-9655 .hotspot-default:hover,\n\t\t#hotspot-9655 .hotspot-default:focus,\n\t\t#hotspot-9655 .hotspot-default.hotspot-active {\n\t\t\tfill: #ffffff;\n\t\t\tfill-opacity: 0.41;\n\t\t\toutline: none;\n\t\t\tstroke: #ffffff;\n\t\t\tstroke-opacity: 0.26;\n\t\t}\n\t\t#hotspot-9655 .leaflet-tooltip,\n\t#hotspot-9655 .leaflet-rrose-content-wrapper {\n\t\tbackground: #ffffff;\n\t\tborder-color: #ffffff;\n\t\tcolor: #000000;\n\t}\n\n\t#hotspot-9655 a.leaflet-rrose-close-button {\n\t\tcolor: #000000;\n\t}\n\n\t#hotspot-9655 .leaflet-rrose-tip {\n\t\tbackground: #ffffff;\n\t}\n\n\t#hotspot-9655 .leaflet-popup-scrolled {\n\t\tborder-bottom-color: #000000;\n\t\tborder-top-color: #000000;\n\t}\n\n\t#hotspot-9655 .leaflet-tooltip-top:before {\n\t\tborder-top-color: #ffffff;\n\t}\n\n\t#hotspot-9655 .leaflet-tooltip-bottom:before {\n\t\tborder-bottom-color: #ffffff;\n\t}\n\t#hotspot-9655 .leaflet-tooltip-left:before {\n\t\tborder-left-color: #ffffff;\n\t}\n\t#hotspot-9655 .leaflet-tooltip-right:before {\n\t\tborder-right-color: #ffffff;\n\t}\n<\/style>\n\n\n\t<div class=\"hotspots-container  layout-right event-click\" id=\"hotspot-9655\" data-layout=\"right\" data-trigger=\"click\">\n\t\t<div class=\"hotspots-interaction\">\n\t\t\t\t<div class=\"hotspots-placeholder\" id=\"content-hotspot-9655\">\n\t\t<div class=\"hotspot-initial\">\n\t\t\t\t\t\t\t\t\t<h2 class=\"hotspot-title\">\n\t\t\t\tKlicken Sie auf ein Bildelement f\u00fcr weitere Informationen.\t\t\t<\/h2>\n\t\t\t\t\t\t<div class=\"hotspot-content\">\n\t\t\t\t\t\t\t<\/div>\n\t\t<\/div>\n\t<\/div>\n<div class=\"hotspots-image-container\">\n\t<img\n\t\twidth=\"841\"\n\t\theight=\"595\"\n\t\tsrc=\"https:\/\/praeventionsguidepsyche.de\/wp-content\/uploads\/2024\/05\/Zugaenge-PW1_p.svg\"\n\t\talt=\"Klicken Sie auf ein Bildelement f\u00fcr weitere Informationen.\"\n\t\tclass=\"hotspots-image skip-lazy\"\n\t\tusemap=\"#hotspots-image-9655\"\n\t\tdata-image-title=\"Klicken Sie auf ein Bildelement f\u00fcr weitere Informationen.\"\n\t\tdata-image-description=\"\"\n\t\tdata-event-trigger=\"click\"\n\t\tdata-always-visible=\"false\"\n\t\tdata-id=\"9655\"\n\t\tdata-no-lazy=\"1\"\n\t\tdata-lazy-src=\"\"\n\t\tdata-lazy=\"false\"\n\t\tloading=\"eager\"\n\t\tdata-skip-lazy=\"1\"\n\t\t>\n<\/div>\t\t<\/div>\n\t\t<map name=\"hotspots-image-9655\" class=\"hotspots-map\">\n\t\t\t\t\t\t\t\t\t\t\t<area\n\t\t\t\t\tshape=\"polygon\"\n\t\t\t\t\tcoords=\"42,494,42,378,231,378,231,494\"\n\t\t\t\t\thref=\"#hotspot-hotspot-9655-0\"\n\t\t\t\t\trel=\"\"\n\t\t\t\t\ttitle=\"Innerbetrieblicher Arbeitsschutz nach ArbSchG und ASiG\"\n\t\t\t\t\talt=\"Innerbetrieblicher Arbeitsschutz nach ArbSchG und ASiG\"\n\t\t\t\t\tdata-action=\"\"\n\t\t\t\t\tdata-color-scheme=\"\"\n\t\t\t\t\tdata-id=\"area-hotspot-9655-0\"\n\t\t\t\t\ttarget=\"\"\n\t\t\t\t\tclass=\"more-info-area\"\n\t\t\t\t\t>\n\t\t\t\t\t\t\t\t\t\t\t<area\n\t\t\t\t\tshape=\"polygon\"\n\t\t\t\t\tcoords=\"370,422,370,297,501,297,501,422\"\n\t\t\t\t\thref=\"#hotspot-hotspot-9655-1\"\n\t\t\t\t\trel=\"\"\n\t\t\t\t\ttitle=\"BGM (Betriebliches Gesundheitsmanagment)\"\n\t\t\t\t\talt=\"BGM (Betriebliches Gesundheitsmanagment)\"\n\t\t\t\t\tdata-action=\"\"\n\t\t\t\t\tdata-color-scheme=\"\"\n\t\t\t\t\tdata-id=\"area-hotspot-9655-1\"\n\t\t\t\t\ttarget=\"\"\n\t\t\t\t\tclass=\"more-info-area\"\n\t\t\t\t\t>\n\t\t\t\t\t\t\t\t\t\t\t<area\n\t\t\t\t\tshape=\"polygon\"\n\t\t\t\t\tcoords=\"359,167,331,205,337,268,395,299,443,282,434,235,411,178\"\n\t\t\t\t\thref=\"#hotspot-hotspot-9655-2\"\n\t\t\t\t\trel=\"\"\n\t\t\t\t\ttitle=\"BGF (Betriebliche Gesundheitsf\u00f6rderung) Koordinierungsstelle\"\n\t\t\t\t\talt=\"BGF (Betriebliche Gesundheitsf\u00f6rderung) Koordinierungsstelle\"\n\t\t\t\t\tdata-action=\"\"\n\t\t\t\t\tdata-color-scheme=\"\"\n\t\t\t\t\tdata-id=\"area-hotspot-9655-2\"\n\t\t\t\t\ttarget=\"\"\n\t\t\t\t\tclass=\"more-info-area\"\n\t\t\t\t\t>\n\t\t\t\t\t\t\t\t\t\t\t<area\n\t\t\t\t\tshape=\"polygon\"\n\t\t\t\t\tcoords=\"116,22,42,62,5,158,41,241,114,251,229,262,279,254,300,201,326,165,324,130,266,75,246,39\"\n\t\t\t\t\thref=\"#hotspot-hotspot-9655-3\"\n\t\t\t\t\trel=\"\"\n\t\t\t\t\ttitle=\"UVT - Pr\u00e4ventionsleistungen (\u00a7 14 Abs. 1 SGB VII)\"\n\t\t\t\t\talt=\"UVT - Pr\u00e4ventionsleistungen (\u00a7 14 Abs. 1 SGB VII)\"\n\t\t\t\t\tdata-action=\"\"\n\t\t\t\t\tdata-color-scheme=\"\"\n\t\t\t\t\tdata-id=\"area-hotspot-9655-3\"\n\t\t\t\t\ttarget=\"\"\n\t\t\t\t\tclass=\"more-info-area\"\n\t\t\t\t\t>\n\t\t\t\t\t\t\t\t\t\t\t<area\n\t\t\t\t\tshape=\"polygon\"\n\t\t\t\t\tcoords=\"262,80,433,43,418,101,293,124\"\n\t\t\t\t\thref=\"#hotspot-hotspot-9655-4\"\n\t\t\t\t\trel=\"\"\n\t\t\t\t\ttitle=\"GKV - Pr\u00e4vention arbeitsbedingter Gesundheitsgefahren (\u00a720c SGB V)\"\n\t\t\t\t\talt=\"GKV - Pr\u00e4vention arbeitsbedingter Gesundheitsgefahren (\u00a720c SGB V)\"\n\t\t\t\t\tdata-action=\"\"\n\t\t\t\t\tdata-color-scheme=\"\"\n\t\t\t\t\tdata-id=\"area-hotspot-9655-4\"\n\t\t\t\t\ttarget=\"\"\n\t\t\t\t\tclass=\"more-info-area\"\n\t\t\t\t\t>\n\t\t\t\t\t\t\t\t\t\t\t<area\n\t\t\t\t\tshape=\"polygon\"\n\t\t\t\t\tcoords=\"455,18,391,143,483,190,571,193,652,113,630,63,537,19\"\n\t\t\t\t\thref=\"#hotspot-hotspot-9655-5\"\n\t\t\t\t\trel=\"\"\n\t\t\t\t\ttitle=\"GKV - Leistungen Krankenkassen zur betrieblichen Gesundheitsf\u00f6rderung (\u00a7 20b SGB V)\"\n\t\t\t\t\talt=\"GKV - Leistungen Krankenkassen zur betrieblichen Gesundheitsf\u00f6rderung (\u00a7 20b SGB V)\"\n\t\t\t\t\tdata-action=\"\"\n\t\t\t\t\tdata-color-scheme=\"\"\n\t\t\t\t\tdata-id=\"area-hotspot-9655-5\"\n\t\t\t\t\ttarget=\"\"\n\t\t\t\t\tclass=\"more-info-area\"\n\t\t\t\t\t>\n\t\t\t\t\t\t\t\t\t\t\t<area\n\t\t\t\t\tshape=\"polygon\"\n\t\t\t\t\tcoords=\"601,296,539,450,587,500,790,544,822,493,809,380,694,314\"\n\t\t\t\t\thref=\"#hotspot-hotspot-9655-6\"\n\t\t\t\t\trel=\"\"\n\t\t\t\t\ttitle=\"GKV - Leistungen zur individuellen verhaltensbezogenen Pr\u00e4vention (\u00a7 20 Abs. 4 Nr. 1 SGB V)\"\n\t\t\t\t\talt=\"GKV - Leistungen zur individuellen verhaltensbezogenen Pr\u00e4vention (\u00a7 20 Abs. 4 Nr. 1 SGB V)\"\n\t\t\t\t\tdata-action=\"\"\n\t\t\t\t\tdata-color-scheme=\"\"\n\t\t\t\t\tdata-id=\"area-hotspot-9655-6\"\n\t\t\t\t\ttarget=\"\"\n\t\t\t\t\tclass=\"more-info-area\"\n\t\t\t\t\t>\n\t\t\t\t\t\t\t\t\t\t\t<area\n\t\t\t\t\tshape=\"polygon\"\n\t\t\t\t\tcoords=\"640,149,589,227,594,282,670,312,784,309,814,284,809,223,755,160\"\n\t\t\t\t\thref=\"#hotspot-hotspot-9655-7\"\n\t\t\t\t\trel=\"\"\n\t\t\t\t\ttitle=\"GKV - Leistungen zur Gesundheitsf\u00f6rderung und Pr\u00e4vention in Lebenswelten (\u00a7 20a SGB V)\"\n\t\t\t\t\talt=\"GKV - Leistungen zur Gesundheitsf\u00f6rderung und Pr\u00e4vention in Lebenswelten (\u00a7 20a SGB V)\"\n\t\t\t\t\tdata-action=\"\"\n\t\t\t\t\tdata-color-scheme=\"\"\n\t\t\t\t\tdata-id=\"area-hotspot-9655-7\"\n\t\t\t\t\ttarget=\"\"\n\t\t\t\t\tclass=\"more-info-area\"\n\t\t\t\t\t>\n\t\t\t\t\t<\/map>\n\n\t\t\n\t\t\t\t\t\n\t\t\t\t\t\t<div class=\"hotspot-info \" id=\"hotspot-hotspot-9655-0\">\n\t\t\t\t\n\t\t\t\t<h2 class=\"hotspot-title\">Innerbetrieblicher Arbeitsschutz nach ArbSchG und ASiG<\/h2>\t\t\t\t\t\t\t\t<div class=\"hotspot-content\">\n\t\t\t\t\t<ul>\n<li>Beurteilung der Arbeitsbedingungen<\/li>\n<li>Organisation von Sicherheit und Gesundheit<\/li>\n<\/ul>\n<p>Pflicht f\u00fcr AG\/AN<\/p>\n\t\t\t\t<\/div>\n\t\t\t<\/div>\n\t\t\t\t\t\n\t\t\t\t\t\t<div class=\"hotspot-info \" id=\"hotspot-hotspot-9655-1\">\n\t\t\t\t\n\t\t\t\t<h2 class=\"hotspot-title\">BGM (Betriebliches Gesundheitsmanagment)<\/h2>\t\t\t\t\t\t\t\t<div class=\"hotspot-content\">\n\t\t\t\t\t<p>Freiwillig f\u00fcr AG\/AN<\/p>\n\t\t\t\t<\/div>\n\t\t\t<\/div>\n\t\t\t\t\t\n\t\t\t\t\t\t<div class=\"hotspot-info \" id=\"hotspot-hotspot-9655-2\">\n\t\t\t\t\n\t\t\t\t<h2 class=\"hotspot-title\">BGF (Betriebliche Gesundheitsf\u00f6rderung) Koordinierungsstelle<\/h2>\t\t\t\t\t\t\t\t<div class=\"hotspot-content\">\n\t\t\t\t\t<p>Freiwillig f\u00fcr AG\/AN<\/p>\n\t\t\t\t<\/div>\n\t\t\t<\/div>\n\t\t\t\t\t\n\t\t\t\t\t\t<div class=\"hotspot-info \" id=\"hotspot-hotspot-9655-3\">\n\t\t\t\t\n\t\t\t\t<h2 class=\"hotspot-title\">UVT - Pr\u00e4ventionsleistungen (\u00a7 14 Abs. 1 SGB VII)<\/h2>\t\t\t\t\t\t\t\t<div class=\"hotspot-content\">\n\t\t\t\t\t<ul>\n<li>Anreizsysteme<\/li>\n<li>Beratung (auf Anforderung)<\/li>\n<li>Betriebs\u00e4rztliche und sicherheitstechnische Betreuung<\/li>\n<li>Ermittlung<\/li>\n<li>Forschung, Entwicklung und Modellprojekte<\/li>\n<li>Information, Kommunikation und Pr\u00e4ventionskampagnen<\/li>\n<li>Pr\u00fcfung\/Zertifizierung<\/li>\n<li>Qualifizierung<\/li>\n<li>\u00dcberwachung einschlie\u00dflich anlassbezogener Beratung<\/li>\n<li>Vorschriften- und Regelwerk<\/li>\n<\/ul>\n<p>Pflicht f\u00fcr AG\/AN<\/p>\n\t\t\t\t<\/div>\n\t\t\t<\/div>\n\t\t\t\t\t\n\t\t\t\t\t\t<div class=\"hotspot-info \" id=\"hotspot-hotspot-9655-4\">\n\t\t\t\t\n\t\t\t\t<h2 class=\"hotspot-title\">GKV - Pr\u00e4vention arbeitsbedingter Gesundheitsgefahren (\u00a720c SGB V)<\/h2>\t\t\t\t\t\t\t\t<div class=\"hotspot-content\">\n\t\t\t\t\t<ul>\n<li>die Ausrichtung von Ma\u00dfnahmen der betrieblichen Gesundheitsf\u00f6rderung auf spezifische arbeitsbedingte Gesundheitsrisiken<\/li>\n<li>die Ermittlung von Erkenntnissen \u00fcber Zusammenh\u00e4nge zwischen Erkrankungen und Arbeitsbedingungen<\/li>\n<li>die Information der Tr\u00e4ger der gesetzlichen Unfallversicherung \u00fcber diese Erkenntnisse<\/li>\n<li>die Mitteilung von berufsbedingten gesundheitlichen Gef\u00e4hrdungen oder Berufskrankheiten an die Tr\u00e4ger der gesetzlichen Unfallversicherung im Einzelfall<\/li>\n<\/ul>\n\t\t\t\t<\/div>\n\t\t\t<\/div>\n\t\t\t\t\t\n\t\t\t\t\t\t<div class=\"hotspot-info \" id=\"hotspot-hotspot-9655-5\">\n\t\t\t\t\n\t\t\t\t<h2 class=\"hotspot-title\">GKV - Leistungen Krankenkassen zur betrieblichen Gesundheitsf\u00f6rderung (\u00a7 20b SGB V)<\/h2>\t\t\t\t\t\t\t\t<div class=\"hotspot-content\">\n\t\t\t\t\t<ul>\n<li>Handlungsfeld Beratung zur gesundheitsf\u00f6rderlichen Arbeitsgestaltung<\/li>\n<li>Handlungsfeld Gesundheitsf\u00f6rderlicher Arbeits- und Lebensstil<\/li>\n<li>Handlungsfeld \u00dcberbetriebliche Vernetzung und Beratung<\/li>\n<\/ul>\n\t\t\t\t<\/div>\n\t\t\t<\/div>\n\t\t\t\t\t\n\t\t\t\t\t\t<div class=\"hotspot-info \" id=\"hotspot-hotspot-9655-6\">\n\t\t\t\t\n\t\t\t\t<h2 class=\"hotspot-title\">GKV - Leistungen zur individuellen verhaltensbezogenen Pr\u00e4vention (\u00a7 20 Abs. 4 Nr. 1 SGB V)<\/h2>\t\t\t\t\t\t\t\t<div class=\"hotspot-content\">\n\t\t\t\t\t<p>z. B. im<\/p>\n<ul>\n<li>Handlungsfeld Stress- und Ressourcenmanagement<\/li>\n<li>Handlungsfeld Suchtmittelkonsum<\/li>\n<\/ul>\n<p>Freiwillig f\u00fcr AN<\/p>\n\t\t\t\t<\/div>\n\t\t\t<\/div>\n\t\t\t\t\t\n\t\t\t\t\t\t<div class=\"hotspot-info \" id=\"hotspot-hotspot-9655-7\">\n\t\t\t\t\n\t\t\t\t<h2 class=\"hotspot-title\">GKV - Leistungen zur Gesundheitsf\u00f6rderung und Pr\u00e4vention in Lebenswelten (\u00a7 20a SGB V)<\/h2>\t\t\t\t\t\t\t\t<div class=\"hotspot-content\">\n\t\t\t\t\t<p>Freiwillig f\u00fcr AN<\/p>\n\t\t\t\t<\/div>\n\t\t\t<\/div>\n\t\t\t<\/div>\n\n\n<\/div><\/section>\n<div  class='hr av-6rmy2-0f6ab88cd86de328c53439e5769b9214 hr-full  avia-builder-el-7  el_after_av_textblock  el_before_av_textblock  hr-shadow'><span class='hr-inner '><span class=\"hr-inner-style\"><\/span><\/span><\/div>\n<section  class='av_textblock_section av-m0p8ju01-f6837be44a040bc21fedd4e2b96ae36d '   itemscope=\"itemscope\" itemtype=\"https:\/\/schema.org\/CreativeWork\" ><div class='avia_textblock'  itemprop=\"text\" ><h3 style=\"text-align: center;\">Zug\u00e4nge &#8222;stay at work&#8220; (PW II)<\/h3>\n<\/div><\/section>\n\n<style type=\"text\/css\" data-created_by=\"avia_inline_auto\" id=\"style-css-av-luau4yhg-73c16ca3c6e60852e85512cca867d536\">\n#top .hr.hr-invisible.av-luau4yhg-73c16ca3c6e60852e85512cca867d536{\nheight:25px;\n}\n<\/style>\n<div  class='hr av-luau4yhg-73c16ca3c6e60852e85512cca867d536 hr-invisible  avia-builder-el-9  el_after_av_textblock  el_before_av_textblock '><span class='hr-inner '><span class=\"hr-inner-style\"><\/span><\/span><\/div>\n<section  class='av_textblock_section av-m0p8jedh-f0572112962c394582fe150851f689a0 '   itemscope=\"itemscope\" itemtype=\"https:\/\/schema.org\/CreativeWork\" ><div class='avia_textblock'  itemprop=\"text\" >\n<style>\n\t#hotspot-12654 .hotspots-image-container,\n\t#hotspot-12654 .leaflet-container {\n\t\tbackground: #efefef\t}\n\n\t#hotspot-12654 .hotspots-placeholder,\n\t.featherlight .featherlight-content.lightbox-12654 {\n\t\tbackground: #ffffff;\n\t\tborder: 0 #ffffff solid;\n\t\tcolor: #000000;\n\t}\n\n\t#hotspot-12654 .hotspot-title,\n\t#hotspot-12654 .bc-product__title a,\n\t.featherlight .featherlight-content.lightbox-12654 .hotspot-title,\n\t.featherlight .featherlight-content.lightbox-12654 .bc-product__title a {\n\t\tcolor: #000000;\n\t}\n\n\t\t\t#hotspot-12654 .hotspot-style-1 {\n\t\t\tstroke-width: 1;\n\t\t\tfill: #ffffff;\n\t\t\tfill-opacity: 0;\n\t\t\tstroke: #ffffff;\n\t\t\tstroke-opacity: 0;\n\t\t}\n\t\t#hotspot-12654 .hotspot-style-1:hover,\n\t\t#hotspot-12654 .hotspot-style-1:focus,\n\t\t#hotspot-12654 .hotspot-style-1.hotspot-active {\n\t\t\tfill: #ffffff;\n\t\t\tfill-opacity: 0.81;\n\t\t\toutline: none;\n\t\t\tstroke: #ffffff;\n\t\t\tstroke-opacity: 0.26;\n\t\t}\n\t\t\t#hotspot-12654 .hotspot-default {\n\t\t\tstroke-width: 1;\n\t\t\tfill: #ffffff;\n\t\t\tfill-opacity: 0;\n\t\t\tstroke: #ffffff;\n\t\t\tstroke-opacity: 0;\n\t\t}\n\t\t#hotspot-12654 .hotspot-default:hover,\n\t\t#hotspot-12654 .hotspot-default:focus,\n\t\t#hotspot-12654 .hotspot-default.hotspot-active {\n\t\t\tfill: #ffffff;\n\t\t\tfill-opacity: 0.41;\n\t\t\toutline: none;\n\t\t\tstroke: #ffffff;\n\t\t\tstroke-opacity: 0.26;\n\t\t}\n\t\t#hotspot-12654 .leaflet-tooltip,\n\t#hotspot-12654 .leaflet-rrose-content-wrapper {\n\t\tbackground: #ffffff;\n\t\tborder-color: #ffffff;\n\t\tcolor: #000000;\n\t}\n\n\t#hotspot-12654 a.leaflet-rrose-close-button {\n\t\tcolor: #000000;\n\t}\n\n\t#hotspot-12654 .leaflet-rrose-tip {\n\t\tbackground: #ffffff;\n\t}\n\n\t#hotspot-12654 .leaflet-popup-scrolled {\n\t\tborder-bottom-color: #000000;\n\t\tborder-top-color: #000000;\n\t}\n\n\t#hotspot-12654 .leaflet-tooltip-top:before {\n\t\tborder-top-color: #ffffff;\n\t}\n\n\t#hotspot-12654 .leaflet-tooltip-bottom:before {\n\t\tborder-bottom-color: #ffffff;\n\t}\n\t#hotspot-12654 .leaflet-tooltip-left:before {\n\t\tborder-left-color: #ffffff;\n\t}\n\t#hotspot-12654 .leaflet-tooltip-right:before {\n\t\tborder-right-color: #ffffff;\n\t}\n<\/style>\n\n\n\t<div class=\"hotspots-container  layout-right event-click\" id=\"hotspot-12654\" data-layout=\"right\" data-trigger=\"click\">\n\t\t<div class=\"hotspots-interaction\">\n\t\t\t\t<div class=\"hotspots-placeholder\" id=\"content-hotspot-12654\">\n\t\t<div class=\"hotspot-initial\">\n\t\t\t\t\t\t\t\t\t<h2 class=\"hotspot-title\">\n\t\t\t\tKlicken Sie auf ein Bildelement f\u00fcr weitere Informationen.\t\t\t<\/h2>\n\t\t\t\t\t\t<div class=\"hotspot-content\">\n\t\t\t\t\t\t\t<\/div>\n\t\t<\/div>\n\t<\/div>\n<div class=\"hotspots-image-container\">\n\t<img\n\t\twidth=\"841\"\n\t\theight=\"595\"\n\t\tsrc=\"https:\/\/praeventionsguidepsyche.de\/wp-content\/uploads\/2024\/09\/PWII-Zugaenge.png\"\n\t\talt=\"Klicken Sie auf ein Bildelement f\u00fcr weitere Informationen.\"\n\t\tclass=\"hotspots-image skip-lazy\"\n\t\tusemap=\"#hotspots-image-12654\"\n\t\tdata-image-title=\"Klicken Sie auf ein Bildelement f\u00fcr weitere Informationen.\"\n\t\tdata-image-description=\"\"\n\t\tdata-event-trigger=\"click\"\n\t\tdata-always-visible=\"false\"\n\t\tdata-id=\"12654\"\n\t\tdata-no-lazy=\"1\"\n\t\tdata-lazy-src=\"\"\n\t\tdata-lazy=\"false\"\n\t\tloading=\"eager\"\n\t\tdata-skip-lazy=\"1\"\n\t\t>\n<\/div>\t\t<\/div>\n\t\t<map name=\"hotspots-image-12654\" class=\"hotspots-map\">\n\t\t\t\t\t\t\t\t\t\t\t<area\n\t\t\t\t\tshape=\"polygon\"\n\t\t\t\t\tcoords=\"619,444,655,381,718,377,733,409,798,425,822,475,817,535,750,535,672,491\"\n\t\t\t\t\thref=\"#hotspot-hotspot-12654-0\"\n\t\t\t\t\trel=\"\"\n\t\t\t\t\ttitle=\"GKV - Leistungen zur individuellen verhaltensbezogenen Pr\u00e4vention (\u00a7 20 Abs. 4 Nr. 1 SGB V)\"\n\t\t\t\t\talt=\"GKV - Leistungen zur individuellen verhaltensbezogenen Pr\u00e4vention (\u00a7 20 Abs. 4 Nr. 1 SGB V)\"\n\t\t\t\t\tdata-action=\"\"\n\t\t\t\t\tdata-color-scheme=\"\"\n\t\t\t\t\tdata-id=\"area-hotspot-12654-0\"\n\t\t\t\t\ttarget=\"\"\n\t\t\t\t\tclass=\"more-info-area\"\n\t\t\t\t\t>\n\t\t\t\t\t\t\t\t\t\t\t<area\n\t\t\t\t\tshape=\"polygon\"\n\t\t\t\t\tcoords=\"467,125,462,100,508,79,588,106,647,117,661,150,596,192,489,191,428,163,433,140\"\n\t\t\t\t\thref=\"#hotspot-hotspot-12654-1\"\n\t\t\t\t\trel=\"\"\n\t\t\t\t\ttitle=\"GKV - Krankenbehandlung (\u00a7 27 SGB V)\"\n\t\t\t\t\talt=\"GKV - Krankenbehandlung (\u00a7 27 SGB V)\"\n\t\t\t\t\tdata-action=\"\"\n\t\t\t\t\tdata-color-scheme=\"\"\n\t\t\t\t\tdata-id=\"area-hotspot-12654-1\"\n\t\t\t\t\ttarget=\"\"\n\t\t\t\t\tclass=\"more-info-area\"\n\t\t\t\t\t>\n\t\t\t\t\t\t\t\t\t\t\t<area\n\t\t\t\t\tshape=\"polygon\"\n\t\t\t\t\tcoords=\"167,167,148,140,188,84,179,67,262,40,300,78,354,85,366,133,306,197,199,192\"\n\t\t\t\t\thref=\"#hotspot-hotspot-12654-2\"\n\t\t\t\t\trel=\"\"\n\t\t\t\t\ttitle=\"RV - Leistungen zur Pr\u00e4vention (\u00a7 14 SGB VI)\"\n\t\t\t\t\talt=\"RV - Leistungen zur Pr\u00e4vention (\u00a7 14 SGB VI)\"\n\t\t\t\t\tdata-action=\"\"\n\t\t\t\t\tdata-color-scheme=\"\"\n\t\t\t\t\tdata-id=\"area-hotspot-12654-2\"\n\t\t\t\t\ttarget=\"\"\n\t\t\t\t\tclass=\"more-info-area\"\n\t\t\t\t\t>\n\t\t\t\t\t\t\t\t\t\t\t<area\n\t\t\t\t\tshape=\"polygon\"\n\t\t\t\t\tcoords=\"636,256,724,194,811,259,817,289,764,307,684,312,625,293\"\n\t\t\t\t\thref=\"#hotspot-hotspot-12654-3\"\n\t\t\t\t\trel=\"\"\n\t\t\t\t\ttitle=\"GKV - Digitale Gesundheitsanwendungen (\u00a7 33a SGB V)\"\n\t\t\t\t\talt=\"GKV - Digitale Gesundheitsanwendungen (\u00a7 33a SGB V)\"\n\t\t\t\t\tdata-action=\"\"\n\t\t\t\t\tdata-color-scheme=\"\"\n\t\t\t\t\tdata-id=\"area-hotspot-12654-3\"\n\t\t\t\t\ttarget=\"\"\n\t\t\t\t\tclass=\"more-info-area\"\n\t\t\t\t\t>\n\t\t\t\t\t<\/map>\n\n\t\t\n\t\t\t\t\t\n\t\t\t\t\t\t<div class=\"hotspot-info \" id=\"hotspot-hotspot-12654-0\">\n\t\t\t\t\n\t\t\t\t<h2 class=\"hotspot-title\">GKV - Leistungen zur individuellen verhaltensbezogenen Pr\u00e4vention (\u00a7 20 Abs. 4 Nr. 1 SGB V)<\/h2>\t\t\t\t\t\t\t\t<div class=\"hotspot-content\">\n\t\t\t\t\t<p style=\"margin-top: 0pt;margin-bottom: 0pt;margin-left: 0in;text-align: left;direction: ltr\"><span style=\"font-size: 10.5pt;color: black\">z<\/span><span style=\"font-size: 10.5pt;color: black\">. B. <\/span><span style=\"font-size: 10.5pt;color: black\">im<\/span><\/p>\n<ul>\n<li><span style=\"font-size: 10.5pt;color: black\">Handlungsfeld Stress- und Ressourcenmanagement<\/span><\/li>\n<li><span style=\"font-size: 10.5pt;color: black\">Handlungsfeld <\/span><span style=\"font-size: 10.5pt;color: black\">Suchtmittelkonsum<\/span><\/li>\n<\/ul>\n<p style=\"margin-top: 0pt;margin-bottom: 0pt;margin-left: 0in;text-align: left;direction: ltr\"><span style=\"font-size: 10.5pt;color: black\">Freiwillig f\u00fcr AN<\/span><\/p>\n\t\t\t\t<\/div>\n\t\t\t<\/div>\n\t\t\t\t\t\n\t\t\t\t\t\t<div class=\"hotspot-info \" id=\"hotspot-hotspot-12654-1\">\n\t\t\t\t\n\t\t\t\t<h2 class=\"hotspot-title\">GKV - Krankenbehandlung (\u00a7 27 SGB V)<\/h2>\t\t\t\t\t\t\t\t<div class=\"hotspot-content\">\n\t\t\t\t\t<p style=\"margin-top: 0pt;margin-bottom: 0pt;margin-left: 0in;text-align: left;direction: ltr\"><span style=\"font-size: 10.5pt;color: black;font-style: normal\">z. B.<\/span><\/p>\n<ul>\n<li><span style=\"font-size: 10.5pt;color: black;font-weight: normal;font-style: normal\">ambulante <\/span><span style=\"font-size: 10.5pt;color: black;font-weight: normal;font-style: normal\">Psychotherapie<\/span><\/li>\n<li><span style=\"font-size: 10.5pt;color: black;font-weight: normal;font-style: normal\">ambulante\/station\u00e4re psychiatrische Behandlung<\/span><\/li>\n<li><span style=\"font-size: 10.5pt;color: black;font-weight: normal;font-style: normal\">Tagesklinik<\/span><\/li>\n<\/ul>\n<div><\/div>\n<div style=\"margin-top: 0pt;margin-bottom: 0pt;margin-left: .19in;text-indent: -.19in;text-align: left;direction: ltr\"><span style=\"font-size: 10.5pt;color: black\">Freiwillig f\u00fcr AN<\/span><\/div>\n\t\t\t\t<\/div>\n\t\t\t<\/div>\n\t\t\t\t\t\n\t\t\t\t\t\t<div class=\"hotspot-info \" id=\"hotspot-hotspot-12654-2\">\n\t\t\t\t\n\t\t\t\t<h2 class=\"hotspot-title\">RV - Leistungen zur Pr\u00e4vention (\u00a7 14 SGB VI)<\/h2>\t\t\t\t\t\t\t\t<div class=\"hotspot-content\">\n\t\t\t\t\t<p style=\"margin-top: 0pt;margin-bottom: 0pt;margin-left: 0in;text-align: left;direction: ltr\"><span style=\"font-size: 10.5pt;color: black;font-weight: normal;font-style: normal\">zum <\/span><span style=\"font-size: 10.5pt;color: black;font-weight: normal;font-style: normal\">langfristigen Erhalt der Besch\u00e4ftigungsf\u00e4higkeit der Versicherten im Hinblick auf die derzeitig von ihnen ausge\u00fcbte Besch\u00e4ftigung. Die Leistungen umfassen allgemeine und spezielle, auf die individuelle Gesundheitsgef\u00e4hrdung und den Arbeitsplatz bezogene gesundheitsf\u00f6rdernde <\/span><span style=\"font-size: 10.5pt;color: black;font-weight: normal;font-style: normal\">Ma\u00dfnahmen<\/span><span style=\"font-size: 10.5pt;color: black;font-weight: normal;font-style: normal\"><br \/>\n<\/span><\/p>\n<p style=\"margin-top: 0pt;margin-bottom: 0pt;margin-left: 0in;text-align: left;direction: ltr\"><span style=\"font-size: 10.5pt;color: black;font-weight: normal;font-style: normal\"><br \/>\nFreiwillig f\u00fcr AN<\/span><\/p>\n\t\t\t\t<\/div>\n\t\t\t<\/div>\n\t\t\t\t\t\n\t\t\t\t\t\t<div class=\"hotspot-info \" id=\"hotspot-hotspot-12654-3\">\n\t\t\t\t\n\t\t\t\t<h2 class=\"hotspot-title\">GKV - Digitale Gesundheitsanwendungen (\u00a7 33a SGB V)<\/h2>\t\t\t\t\t\t\t\t<div class=\"hotspot-content\">\n\t\t\t\t\t<p style=\"margin-top: 0pt;margin-bottom: 0pt;margin-left: 0in;text-align: left;direction: ltr\"><span style=\"font-size: 10.5pt;color: black\">z. B.<\/span> <span style=\"font-size: 10.5pt;color: black\">z<\/span><span style=\"font-size: 10.5pt;color: black\">ur <\/span><span style=\"font-size: 10.5pt;color: black\">Unterst\u00fctzung von Versicherten bei der Behandlung von Erkrankungen oder dem Ausgleich von Beeintr\u00e4chtigungen. Anwendungsfeld ist u. a. die <\/span><span style=\"font-size: 10.5pt;color: black\">Psychotherapie<\/span><\/p>\n<p style=\"margin-top: 0pt;margin-bottom: 0pt;margin-left: 0in;text-align: left;direction: ltr\"><span style=\"font-size: 10.5pt;color: black\"><br \/>\nFreiwillig f\u00fcr AN<\/span><\/p>\n\t\t\t\t<\/div>\n\t\t\t<\/div>\n\t\t\t<\/div>\n\n\n<\/div><\/section>\n<div  class='hr av-m0p8h97w-0e79e22425743ef320a1b9945468a628 hr-full  avia-builder-el-11  el_after_av_textblock  el_before_av_textblock  hr-shadow'><span class='hr-inner '><span class=\"hr-inner-style\"><\/span><\/span><\/div>\n<section  class='av_textblock_section av-m180zl0p-9a5a55819147c15926303f20aea50ff0 '   itemscope=\"itemscope\" itemtype=\"https:\/\/schema.org\/CreativeWork\" ><div class='avia_textblock'  itemprop=\"text\" ><h3 style=\"text-align: center;\">Zug\u00e4nge &#8222;back to work&#8220; (PW III)<\/h3>\n<\/div><\/section>\n\n<style type=\"text\/css\" data-created_by=\"avia_inline_auto\" id=\"style-css-av-kgb22-a73c2a73fe8e027e2e09bfdac47b27a1\">\n#top .hr.hr-invisible.av-kgb22-a73c2a73fe8e027e2e09bfdac47b27a1{\nheight:25px;\n}\n<\/style>\n<div  class='hr av-kgb22-a73c2a73fe8e027e2e09bfdac47b27a1 hr-invisible  avia-builder-el-13  el_after_av_textblock  el_before_av_textblock '><span class='hr-inner '><span class=\"hr-inner-style\"><\/span><\/span><\/div>\n<section  class='av_textblock_section av-m181187k-0877f686251b784892671e7a0164d852 '   itemscope=\"itemscope\" itemtype=\"https:\/\/schema.org\/CreativeWork\" ><div class='avia_textblock'  itemprop=\"text\" >\n<style>\n\t#hotspot-14109 .hotspots-image-container,\n\t#hotspot-14109 .leaflet-container {\n\t\tbackground: #efefef\t}\n\n\t#hotspot-14109 .hotspots-placeholder,\n\t.featherlight .featherlight-content.lightbox-14109 {\n\t\tbackground: #ffffff;\n\t\tborder: 0 #ffffff solid;\n\t\tcolor: #000000;\n\t}\n\n\t#hotspot-14109 .hotspot-title,\n\t#hotspot-14109 .bc-product__title a,\n\t.featherlight .featherlight-content.lightbox-14109 .hotspot-title,\n\t.featherlight .featherlight-content.lightbox-14109 .bc-product__title a {\n\t\tcolor: #000000;\n\t}\n\n\t\t\t#hotspot-14109 .hotspot-style-1 {\n\t\t\tstroke-width: ;\n\t\t\tfill: #ffffff;\n\t\t\tfill-opacity: 0;\n\t\t\tstroke: #ffffff;\n\t\t\tstroke-opacity: 0;\n\t\t}\n\t\t#hotspot-14109 .hotspot-style-1:hover,\n\t\t#hotspot-14109 .hotspot-style-1:focus,\n\t\t#hotspot-14109 .hotspot-style-1.hotspot-active {\n\t\t\tfill: #ffffff;\n\t\t\tfill-opacity: 0.81;\n\t\t\toutline: none;\n\t\t\tstroke: #ffffff;\n\t\t\tstroke-opacity: 0.26;\n\t\t}\n\t\t\t#hotspot-14109 .hotspot-default {\n\t\t\tstroke-width: ;\n\t\t\tfill: #ffffff;\n\t\t\tfill-opacity: 0;\n\t\t\tstroke: #ffffff;\n\t\t\tstroke-opacity: 0;\n\t\t}\n\t\t#hotspot-14109 .hotspot-default:hover,\n\t\t#hotspot-14109 .hotspot-default:focus,\n\t\t#hotspot-14109 .hotspot-default.hotspot-active {\n\t\t\tfill: #ffffff;\n\t\t\tfill-opacity: 0.41;\n\t\t\toutline: none;\n\t\t\tstroke: #ffffff;\n\t\t\tstroke-opacity: 0.26;\n\t\t}\n\t\t#hotspot-14109 .leaflet-tooltip,\n\t#hotspot-14109 .leaflet-rrose-content-wrapper {\n\t\tbackground: #ffffff;\n\t\tborder-color: #ffffff;\n\t\tcolor: #000000;\n\t}\n\n\t#hotspot-14109 a.leaflet-rrose-close-button {\n\t\tcolor: #000000;\n\t}\n\n\t#hotspot-14109 .leaflet-rrose-tip {\n\t\tbackground: #ffffff;\n\t}\n\n\t#hotspot-14109 .leaflet-popup-scrolled {\n\t\tborder-bottom-color: #000000;\n\t\tborder-top-color: #000000;\n\t}\n\n\t#hotspot-14109 .leaflet-tooltip-top:before {\n\t\tborder-top-color: #ffffff;\n\t}\n\n\t#hotspot-14109 .leaflet-tooltip-bottom:before {\n\t\tborder-bottom-color: #ffffff;\n\t}\n\t#hotspot-14109 .leaflet-tooltip-left:before {\n\t\tborder-left-color: #ffffff;\n\t}\n\t#hotspot-14109 .leaflet-tooltip-right:before {\n\t\tborder-right-color: #ffffff;\n\t}\n<\/style>\n\n\n\t<div class=\"hotspots-container  layout-right event-click\" id=\"hotspot-14109\" data-layout=\"right\" data-trigger=\"click\">\n\t\t<div class=\"hotspots-interaction\">\n\t\t\t\t<div class=\"hotspots-placeholder\" id=\"content-hotspot-14109\">\n\t\t<div class=\"hotspot-initial\">\n\t\t\t\t\t\t\t\t\t<h2 class=\"hotspot-title\">\n\t\t\t\tKlicken Sie auf ein Bildelement f\u00fcr weitere Informationen.\t\t\t<\/h2>\n\t\t\t\t\t\t<div class=\"hotspot-content\">\n\t\t\t\t\t\t\t<\/div>\n\t\t<\/div>\n\t<\/div>\n<div class=\"hotspots-image-container\">\n\t<img\n\t\twidth=\"841\"\n\t\theight=\"595\"\n\t\tsrc=\"https:\/\/praeventionsguidepsyche.de\/wp-content\/uploads\/2024\/09\/PW-III-Zugaenge.png\"\n\t\talt=\"Klicken Sie auf ein Bildelement f\u00fcr weitere Informationen.\"\n\t\tclass=\"hotspots-image skip-lazy\"\n\t\tusemap=\"#hotspots-image-14109\"\n\t\tdata-image-title=\"Klicken Sie auf ein Bildelement f\u00fcr weitere Informationen.\"\n\t\tdata-image-description=\"\"\n\t\tdata-event-trigger=\"click\"\n\t\tdata-always-visible=\"false\"\n\t\tdata-id=\"14109\"\n\t\tdata-no-lazy=\"1\"\n\t\tdata-lazy-src=\"\"\n\t\tdata-lazy=\"false\"\n\t\tloading=\"eager\"\n\t\tdata-skip-lazy=\"1\"\n\t\t>\n<\/div>\t\t<\/div>\n\t\t<map name=\"hotspots-image-14109\" class=\"hotspots-map\">\n\t\t\t\t\t\t\t\t\t\t\t<area\n\t\t\t\t\tshape=\"polygon\"\n\t\t\t\t\tcoords=\"363,442,312,413,319,397,355,368,399,373,439,395,442,424,423,435\"\n\t\t\t\t\thref=\"#hotspot-hotspot-14109-0\"\n\t\t\t\t\trel=\"\"\n\t\t\t\t\ttitle=\"RV - Leistungen zur Teilhabe am Arbeitsleben (\u00a7 16 SGB VI)\"\n\t\t\t\t\talt=\"RV - Leistungen zur Teilhabe am Arbeitsleben (\u00a7 16 SGB VI)\"\n\t\t\t\t\tdata-action=\"\"\n\t\t\t\t\tdata-color-scheme=\"\"\n\t\t\t\t\tdata-id=\"area-hotspot-14109-0\"\n\t\t\t\t\ttarget=\"\"\n\t\t\t\t\tclass=\"more-info-area\"\n\t\t\t\t\t>\n\t\t\t\t\t\t\t\t\t\t\t<area\n\t\t\t\t\tshape=\"polygon\"\n\t\t\t\t\tcoords=\"36,526,76,458,105,458,155,498,165,526,134,581,48,581,25,542\"\n\t\t\t\t\thref=\"#hotspot-hotspot-14109-1\"\n\t\t\t\t\trel=\"\"\n\t\t\t\t\ttitle=\"IFD - Beratung und Unterst\u00fctzung (\u00a7 193 SGB IX)\"\n\t\t\t\t\talt=\"IFD - Beratung und Unterst\u00fctzung (\u00a7 193 SGB IX)\"\n\t\t\t\t\tdata-action=\"\"\n\t\t\t\t\tdata-color-scheme=\"\"\n\t\t\t\t\tdata-id=\"area-hotspot-14109-1\"\n\t\t\t\t\ttarget=\"\"\n\t\t\t\t\tclass=\"more-info-area\"\n\t\t\t\t\t>\n\t\t\t\t\t\t\t\t\t\t\t<area\n\t\t\t\t\tshape=\"polygon\"\n\t\t\t\t\tcoords=\"24,346,64,301,138,318,164,352,136,377,131,391,66,398,23,370\"\n\t\t\t\t\thref=\"#hotspot-hotspot-14109-2\"\n\t\t\t\t\trel=\"\"\n\t\t\t\t\ttitle=\"GKV - Stufenweise Wiedereingliederung (Hamburger Modell) (\u00a7 74 SGB V)\"\n\t\t\t\t\talt=\"GKV - Stufenweise Wiedereingliederung (Hamburger Modell) (\u00a7 74 SGB V)\"\n\t\t\t\t\tdata-action=\"\"\n\t\t\t\t\tdata-color-scheme=\"\"\n\t\t\t\t\tdata-id=\"area-hotspot-14109-2\"\n\t\t\t\t\ttarget=\"\"\n\t\t\t\t\tclass=\"more-info-area\"\n\t\t\t\t\t>\n\t\t\t\t\t\t\t\t\t\t\t<area\n\t\t\t\t\tshape=\"polygon\"\n\t\t\t\t\tcoords=\"291,212,311,200,304,172,338,150,375,174,399,186,412,218,374,263,305,258,284,228\"\n\t\t\t\t\thref=\"#hotspot-hotspot-14109-3\"\n\t\t\t\t\trel=\"\"\n\t\t\t\t\ttitle=\"IFD - Beratung und Unterst\u00fctzung (\u00a7 193 SGB IX)\"\n\t\t\t\t\talt=\"IFD - Beratung und Unterst\u00fctzung (\u00a7 193 SGB IX)\"\n\t\t\t\t\tdata-action=\"\"\n\t\t\t\t\tdata-color-scheme=\"\"\n\t\t\t\t\tdata-id=\"area-hotspot-14109-3\"\n\t\t\t\t\ttarget=\"\"\n\t\t\t\t\tclass=\"more-info-area\"\n\t\t\t\t\t>\n\t\t\t\t\t\t\t\t\t\t\t<area\n\t\t\t\t\tshape=\"polygon\"\n\t\t\t\t\tcoords=\"64,153,109,81,241,128,250,178,230,189,184,198,143,183,94,195\"\n\t\t\t\t\thref=\"#hotspot-hotspot-14109-4\"\n\t\t\t\t\trel=\"\"\n\t\t\t\t\ttitle=\"RV - Leistungen zur medizinischen Rehabilitation (\u00a7 15 SGB VI)\"\n\t\t\t\t\talt=\"RV - Leistungen zur medizinischen Rehabilitation (\u00a7 15 SGB VI)\"\n\t\t\t\t\tdata-action=\"\"\n\t\t\t\t\tdata-color-scheme=\"\"\n\t\t\t\t\tdata-id=\"area-hotspot-14109-4\"\n\t\t\t\t\ttarget=\"\"\n\t\t\t\t\tclass=\"more-info-area\"\n\t\t\t\t\t>\n\t\t\t\t\t\t\t\t\t\t\t<area\n\t\t\t\t\tshape=\"polygon\"\n\t\t\t\t\tcoords=\"338,84,378,40,435,42,476,87,479,118,450,134,389,133,336,106\"\n\t\t\t\t\thref=\"#hotspot-hotspot-14109-5\"\n\t\t\t\t\trel=\"\"\n\t\t\t\t\ttitle=\"RV - Leistungen zur Teilhabe am Arbeitsleben (\u00a7 16 SGB VI)\"\n\t\t\t\t\talt=\"RV - Leistungen zur Teilhabe am Arbeitsleben (\u00a7 16 SGB VI)\"\n\t\t\t\t\tdata-action=\"\"\n\t\t\t\t\tdata-color-scheme=\"\"\n\t\t\t\t\tdata-id=\"area-hotspot-14109-5\"\n\t\t\t\t\ttarget=\"\"\n\t\t\t\t\tclass=\"more-info-area\"\n\t\t\t\t\t>\n\t\t\t\t\t\t\t\t\t\t\t<area\n\t\t\t\t\tshape=\"polygon\"\n\t\t\t\t\tcoords=\"500,100,564,46,657,85,657,133,605,158,521,146,495,119\"\n\t\t\t\t\thref=\"#hotspot-hotspot-14109-6\"\n\t\t\t\t\trel=\"\"\n\t\t\t\t\ttitle=\"BEM (Betriebliches Eingliederungsmanagement) (\u00a7 167 (2) SGB IX )\"\n\t\t\t\t\talt=\"BEM (Betriebliches Eingliederungsmanagement) (\u00a7 167 (2) SGB IX )\"\n\t\t\t\t\tdata-action=\"\"\n\t\t\t\t\tdata-color-scheme=\"\"\n\t\t\t\t\tdata-id=\"area-hotspot-14109-6\"\n\t\t\t\t\ttarget=\"\"\n\t\t\t\t\tclass=\"more-info-area\"\n\t\t\t\t\t>\n\t\t\t\t\t\t\t\t\t\t\t<area\n\t\t\t\t\tshape=\"polygon\"\n\t\t\t\t\tcoords=\"678,168,737,125,804,151,820,171,820,210,789,220,740,226,673,201\"\n\t\t\t\t\thref=\"#hotspot-hotspot-14109-7\"\n\t\t\t\t\trel=\"\"\n\t\t\t\t\ttitle=\"UVT - Leistungen zur Teilhabe am Arbeitsleben (\u00a7 35 SGB VII)\"\n\t\t\t\t\talt=\"UVT - Leistungen zur Teilhabe am Arbeitsleben (\u00a7 35 SGB VII)\"\n\t\t\t\t\tdata-action=\"\"\n\t\t\t\t\tdata-color-scheme=\"\"\n\t\t\t\t\tdata-id=\"area-hotspot-14109-7\"\n\t\t\t\t\ttarget=\"\"\n\t\t\t\t\tclass=\"more-info-area\"\n\t\t\t\t\t>\n\t\t\t\t\t\t\t\t\t\t\t<area\n\t\t\t\t\tshape=\"polygon\"\n\t\t\t\t\tcoords=\"579,393,610,337,659,336,702,384,705,421,689,436,629,451,581,430\"\n\t\t\t\t\thref=\"#hotspot-hotspot-14109-8\"\n\t\t\t\t\trel=\"\"\n\t\t\t\t\ttitle=\"UVT - Grundsatz (Leistungen nach Eintritt eines Versicherungsfalls) (\u00a7 26 SGB VII)\"\n\t\t\t\t\talt=\"UVT - Grundsatz (Leistungen nach Eintritt eines Versicherungsfalls) (\u00a7 26 SGB VII)\"\n\t\t\t\t\tdata-action=\"\"\n\t\t\t\t\tdata-color-scheme=\"\"\n\t\t\t\t\tdata-id=\"area-hotspot-14109-8\"\n\t\t\t\t\ttarget=\"\"\n\t\t\t\t\tclass=\"more-info-area\"\n\t\t\t\t\t>\n\t\t\t\t\t\t\t\t\t\t\t<area\n\t\t\t\t\tshape=\"polygon\"\n\t\t\t\t\tcoords=\"627,499,667,461,752,462,790,504,798,535,772,552,687,555,626,538\"\n\t\t\t\t\thref=\"#hotspot-hotspot-14109-9\"\n\t\t\t\t\trel=\"\"\n\t\t\t\t\ttitle=\"UVT - Leistungen zur Teilhabe am Arbeitsleben (\u00a7 35 SGB VII)\"\n\t\t\t\t\talt=\"UVT - Leistungen zur Teilhabe am Arbeitsleben (\u00a7 35 SGB VII)\"\n\t\t\t\t\tdata-action=\"\"\n\t\t\t\t\tdata-color-scheme=\"\"\n\t\t\t\t\tdata-id=\"area-hotspot-14109-9\"\n\t\t\t\t\ttarget=\"\"\n\t\t\t\t\tclass=\"more-info-area\"\n\t\t\t\t\t>\n\t\t\t\t\t\t\t\t\t\t\t<area\n\t\t\t\t\tshape=\"polygon\"\n\t\t\t\t\tcoords=\"314,307,353,282,390,310,394,334,379,340,337,345,312,330\"\n\t\t\t\t\thref=\"#hotspot-hotspot-14109-10\"\n\t\t\t\t\trel=\"\"\n\t\t\t\t\ttitle=\"Betriebs\u00e4rztin\/Betriebsarzt\"\n\t\t\t\t\talt=\"Betriebs\u00e4rztin\/Betriebsarzt\"\n\t\t\t\t\tdata-action=\"\"\n\t\t\t\t\tdata-color-scheme=\"\"\n\t\t\t\t\tdata-id=\"area-hotspot-14109-10\"\n\t\t\t\t\ttarget=\"\"\n\t\t\t\t\tclass=\"more-info-area\"\n\t\t\t\t\t>\n\t\t\t\t\t<\/map>\n\n\t\t\n\t\t\t\t\t\n\t\t\t\t\t\t<div class=\"hotspot-info \" id=\"hotspot-hotspot-14109-0\">\n\t\t\t\t\n\t\t\t\t<h2 class=\"hotspot-title\">RV - Leistungen zur Teilhabe am Arbeitsleben (\u00a7 16 SGB VI)<\/h2>\t\t\t\t\t\t\t\t<div class=\"hotspot-content\">\n\t\t\t\t\t<p>&nbsp;<\/p>\n<p style=\"margin-top: 0pt;margin-bottom: 0pt;margin-left: 0in;text-align: left;direction: ltr\"><span style=\"font-size: 11.0pt;color: black\">Berufliche Rehabilitation<\/span><\/p>\n<p><span style=\"font-size: 11.0pt;color: black\">z<\/span><span style=\"font-size: 11.0pt;color: black\">.<\/span> <span style=\"font-size: 11.0pt;color: black\">B<\/span><span style=\"font-size: 11.0pt;color: black\">. Hilfen zur Erhaltung oder Erlangung eines Arbeitsplatzes einschlie\u00dflich Leistungen zur Aktivierung und beruflichen <\/span><span style=\"font-size: 11.0pt;color: black\">Eingliederung<\/span><\/p>\n\t\t\t\t<\/div>\n\t\t\t<\/div>\n\t\t\t\t\t\n\t\t\t\t\t\t<div class=\"hotspot-info \" id=\"hotspot-hotspot-14109-1\">\n\t\t\t\t\n\t\t\t\t<h2 class=\"hotspot-title\">IFD - Beratung und Unterst\u00fctzung (\u00a7 193 SGB IX)<\/h2>\t\t\t\t\t\t\t\t<div class=\"hotspot-content\">\n\t\t\t\t\t<p style=\"margin-top: 0pt;margin-bottom: 0pt;margin-left: 0in;direction: ltr\"><span style=\"font-size: 11.0pt;color: black;font-weight: normal;font-style: normal\">von<\/span><\/p>\n<ul>\n<li><span style=\"font-size: 11.0pt;color: black;font-weight: normal;font-style: normal\">AN <\/span><span style=\"font-size: 11.0pt;color: black;font-weight: normal;font-style: normal\">mit (Schwer-<\/span><span style=\"font-size: 11.0pt;color: black;font-weight: normal;font-style: normal\">)<\/span> <span style=\"font-size: 11.0pt;color: black;font-weight: normal;font-style: normal\">Behinderung<\/span><span style=\"font-size: 11.0pt;color: black;font-weight: normal;font-style: normal\">, um Arbeitsverh\u00e4ltnis zu <\/span><span style=\"font-size: 11.0pt;color: black;font-weight: normal;font-style: normal\">sichern<\/span><\/li>\n<li><span style=\"font-size: 11.0pt;color: black;font-weight: normal;font-style: normal\">Rehabilitand<\/span><span style=\"font-size: 11.0pt;color: black\">:<\/span><span style=\"font-size: 11.0pt;color: black;font-weight: normal;font-style: normal\">innen<\/span><span style=\"font-size: 11.0pt;color: black;font-weight: normal;font-style: normal\">, mit dem Ziel der Vermittlung in ein Arbeitsverh\u00e4ltnis<\/span><\/li>\n<\/ul>\n\t\t\t\t<\/div>\n\t\t\t<\/div>\n\t\t\t\t\t\n\t\t\t\t\t\t<div class=\"hotspot-info \" id=\"hotspot-hotspot-14109-2\">\n\t\t\t\t\n\t\t\t\t<h2 class=\"hotspot-title\">GKV - Stufenweise Wiedereingliederung (Hamburger Modell) (\u00a7 74 SGB V)<\/h2>\t\t\t\t\t\t\t\t<div class=\"hotspot-content\">\n\t\t\t\t\t<p>&nbsp;<\/p>\n<p style=\"margin-top: 0pt;margin-bottom: 0pt;margin-left: 0in;text-align: left;direction: ltr\"><span style=\"font-size: 11.0pt;color: black\">als <\/span><span style=\"font-size: 11.0pt;color: black\">Leistung zur <\/span><span style=\"font-size: 11.0pt;color: black\">me<\/span><span style=\"font-size: 11.0pt;color: black\">dizinischen<\/span><span style=\"font-size: 11.0pt;color: black\"> Rehabilitation<\/span><\/p>\n<p style=\"margin-top: 0pt;margin-bottom: 0pt;margin-left: 0in;text-align: left;direction: ltr\"><span style=\"font-size: 11.0pt;color: black\">Bei Wunsch des AN unter Einbindung der\/des Betriebs\u00e4rztin\/Betriebsarztes<\/span><\/p>\n\t\t\t\t<\/div>\n\t\t\t<\/div>\n\t\t\t\t\t\n\t\t\t\t\t\t<div class=\"hotspot-info \" id=\"hotspot-hotspot-14109-3\">\n\t\t\t\t\n\t\t\t\t<h2 class=\"hotspot-title\">IFD - Beratung und Unterst\u00fctzung (\u00a7 193 SGB IX)<\/h2>\t\t\t\t\t\t\t\t<div class=\"hotspot-content\">\n\t\t\t\t\t<p>&nbsp;<\/p>\n<p style=\"margin-top: 0pt;margin-bottom: 0pt;margin-left: 0in;text-align: left;direction: ltr\"><span style=\"font-size: 11.0pt;color: black;font-weight: normal;font-style: normal\">von<\/span> <span style=\"font-size: 11.0pt;color: black;font-style: normal\">AG<\/span><span style=\"font-size: 11.0pt;color: black;font-style: normal\">, mit dem Ziel Arbeits- und <\/span><span style=\"font-size: 11.0pt;color: black;font-weight: normal;font-style: normal\">Besch\u00e4ftigungsverh\u00e4ltnisse zu erschlie\u00dfen oder fortzuf\u00fchren <\/span><\/p>\n\t\t\t\t<\/div>\n\t\t\t<\/div>\n\t\t\t\t\t\n\t\t\t\t\t\t<div class=\"hotspot-info \" id=\"hotspot-hotspot-14109-4\">\n\t\t\t\t\n\t\t\t\t<h2 class=\"hotspot-title\">RV - Leistungen zur medizinischen Rehabilitation (\u00a7 15 SGB VI)<\/h2>\t\t\t\t\t\t\t\t<div class=\"hotspot-content\">\n\t\t\t\t\t<p style=\"margin-top: 0pt;margin-bottom: 0pt;margin-left: 0in;text-align: left;direction: ltr\"><span style=\"font-size: 11.0pt;color: black\">z. B. <\/span><\/p>\n<ul>\n<li><span style=\"font-size: 11.0pt;color: black\">Krankenbehandlung und Rehabilitation<\/span><\/li>\n<li><span style=\"font-size: 11.0pt;color: black\">Stufenweise Wiedereingliederung<\/span><\/li>\n<li><span style=\"font-size: 11.0pt;color: black\">Belastungserprobung und Arbeitstherapie<\/span><\/li>\n<li><span style=\"font-size: 11.0pt;color: black\">F\u00f6rderung der Selbsthilfe<\/span><\/li>\n<li><span style=\"font-size: 11.0pt;color: black\">Digitale Gesundheitsanwendungen<\/span><\/li>\n<\/ul>\n<p style=\"margin-top: 0pt;margin-bottom: 0pt;margin-left: 0in;direction: ltr\"><span style=\"font-size: 11.0pt;color: black\">Bei Wunsch des AN unter Einbindung der\/des Betriebs\u00e4rztin\/Betriebsarztes<\/span><\/p>\n\t\t\t\t<\/div>\n\t\t\t<\/div>\n\t\t\t\t\t\n\t\t\t\t\t\t<div class=\"hotspot-info \" id=\"hotspot-hotspot-14109-5\">\n\t\t\t\t\n\t\t\t\t<h2 class=\"hotspot-title\">RV - Leistungen zur Teilhabe am Arbeitsleben (\u00a7 16 SGB VI)<\/h2>\t\t\t\t\t\t\t\t<div class=\"hotspot-content\">\n\t\t\t\t\t<p style=\"margin-top: 0pt;margin-bottom: 0pt;margin-left: 0in;text-align: left;direction: ltr\"><span style=\"font-size: 11.0pt;color: black;font-weight: bold\">\u00a0<\/span><\/p>\n<p style=\"margin-top: 0pt;margin-bottom: 0pt;margin-left: 0in;text-align: left;direction: ltr\"><span style=\"font-size: 11.0pt;color: black\">z. B. Zusch\u00fcsse f\u00fcr technische Arbeitshilfen, f\u00fcr Umschulung, Aus- und Weiterbildung im Unternehmen, bei technischen Ver\u00e4nderungen des Arbeitsplatzes<br \/>\n<\/span><\/p>\n\t\t\t\t<\/div>\n\t\t\t<\/div>\n\t\t\t\t\t\n\t\t\t\t\t\t<div class=\"hotspot-info \" id=\"hotspot-hotspot-14109-6\">\n\t\t\t\t\n\t\t\t\t<h2 class=\"hotspot-title\">BEM (Betriebliches Eingliederungsmanagement) (\u00a7 167 (2) SGB IX )<\/h2>\t\t\t\t\t\t\t\t<div class=\"hotspot-content\">\n\t\t\t\t\t<p>&nbsp;<\/p>\n<p style=\"margin-top: 0pt;margin-bottom: 0pt;margin-left: 0in;text-align: left;direction: ltr\"><span style=\"font-size: 11.0pt;color: black\">Pflicht<\/span> <span style=\"font-size: 11.0pt;color: black\">f\u00fcr<\/span> <span style=\"font-size: 11.0pt;color: black\">A<\/span><span style=\"font-size: 11.0pt;color: black\">G<\/span><\/p>\n\t\t\t\t<\/div>\n\t\t\t<\/div>\n\t\t\t\t\t\n\t\t\t\t\t\t<div class=\"hotspot-info \" id=\"hotspot-hotspot-14109-7\">\n\t\t\t\t\n\t\t\t\t<h2 class=\"hotspot-title\">UVT - Leistungen zur Teilhabe am Arbeitsleben (\u00a7 35 SGB VII)<\/h2>\t\t\t\t\t\t\t\t<div class=\"hotspot-content\">\n\t\t\t\t\t<p><span style=\"font-size: 11.0pt;color: black\">nach Arbeitsunfall oder bei <\/span><span style=\"font-size: 11.0pt;color: black\">Berufskrankheit<\/span><\/p>\n\t\t\t\t<\/div>\n\t\t\t<\/div>\n\t\t\t\t\t\n\t\t\t\t\t\t<div class=\"hotspot-info \" id=\"hotspot-hotspot-14109-8\">\n\t\t\t\t\n\t\t\t\t<h2 class=\"hotspot-title\">UVT - Grundsatz (Leistungen nach Eintritt eines Versicherungsfalls) (\u00a7 26 SGB VII)<\/h2>\t\t\t\t\t\t\t\t<div class=\"hotspot-content\">\n\t\t\t\t\t<p>&nbsp;<\/p>\n<p style=\"margin-top: 0pt;margin-bottom: 0pt;margin-left: 0in;text-align: left;direction: ltr\"><span style=\"font-size: 11.0pt;color: black;font-weight: normal;font-style: normal\">Heilbehandlung einschlie\u00dflich Leistungen zur medizinischen Rehabilitation<\/span><span style=\"font-size: 11.0pt;color: black\"> nach Arbeitsunfall oder bei Berufskrankheit<\/span><\/p>\n\t\t\t\t<\/div>\n\t\t\t<\/div>\n\t\t\t\t\t\n\t\t\t\t\t\t<div class=\"hotspot-info \" id=\"hotspot-hotspot-14109-9\">\n\t\t\t\t\n\t\t\t\t<h2 class=\"hotspot-title\">UVT - Leistungen zur Teilhabe am Arbeitsleben (\u00a7 35 SGB VII)<\/h2>\t\t\t\t\t\t\t\t<div class=\"hotspot-content\">\n\t\t\t\t\t<p>&nbsp;<\/p>\n<p style=\"margin-top: 0pt;margin-bottom: 0pt;margin-left: 0in;text-align: left;direction: ltr\"><span style=\"font-size: 11.0pt;color: black\">nach Arbeitsunfall oder <\/span><span style=\"font-size: 11.0pt;color: black\">bei <\/span><span style=\"font-size: 11.0pt;color: black\">Berufskrankheit <\/span><\/p>\n\t\t\t\t<\/div>\n\t\t\t<\/div>\n\t\t\t\t\t\n\t\t\t\t\t\t<div class=\"hotspot-info \" id=\"hotspot-hotspot-14109-10\">\n\t\t\t\t\n\t\t\t\t<h2 class=\"hotspot-title\">Betriebs\u00e4rztin\/Betriebsarzt<\/h2>\t\t\t\t\t\t\t\t<div class=\"hotspot-content\">\n\t\t\t\t\t\t\t\t\t<\/div>\n\t\t\t<\/div>\n\t\t\t<\/div>\n\n\n<\/div><\/section>\n<div  class='hr av-e8eve-98eb3e208973b1619ebf1eecc94f3723 hr-full  avia-builder-el-15  el_after_av_textblock  el_before_av_textblock  hr-shadow'><span class='hr-inner '><span class=\"hr-inner-style\"><\/span><\/span><\/div>\n<section  class='av_textblock_section av-m181uk7h-1a4993462eb7c3b9830e542178bc9cfb '   itemscope=\"itemscope\" itemtype=\"https:\/\/schema.org\/CreativeWork\" ><div class='avia_textblock'  itemprop=\"text\" ><h3 style=\"text-align: center;\">Zug\u00e4nge &#8222;integrate into work&#8220; (PW IV)<\/h3>\n<\/div><\/section>\n\n<style type=\"text\/css\" data-created_by=\"avia_inline_auto\" id=\"style-css-av-9ev6q-e3e5941f0536e17e99b355137281690f\">\n#top .hr.hr-invisible.av-9ev6q-e3e5941f0536e17e99b355137281690f{\nheight:25px;\n}\n<\/style>\n<div  class='hr av-9ev6q-e3e5941f0536e17e99b355137281690f hr-invisible  avia-builder-el-17  el_after_av_textblock  el_before_av_textblock '><span class='hr-inner '><span class=\"hr-inner-style\"><\/span><\/span><\/div>\n<section  class='av_textblock_section av-m181v20x-14203d276dc15d92f9e60e8035579741 '   itemscope=\"itemscope\" itemtype=\"https:\/\/schema.org\/CreativeWork\" ><div class='avia_textblock'  itemprop=\"text\" >\n<style>\n\t#hotspot-14114 .hotspots-image-container,\n\t#hotspot-14114 .leaflet-container {\n\t\tbackground: #efefef\t}\n\n\t#hotspot-14114 .hotspots-placeholder,\n\t.featherlight .featherlight-content.lightbox-14114 {\n\t\tbackground: #ffffff;\n\t\tborder: 0 #ffffff solid;\n\t\tcolor: #000000;\n\t}\n\n\t#hotspot-14114 .hotspot-title,\n\t#hotspot-14114 .bc-product__title a,\n\t.featherlight .featherlight-content.lightbox-14114 .hotspot-title,\n\t.featherlight .featherlight-content.lightbox-14114 .bc-product__title a {\n\t\tcolor: #000000;\n\t}\n\n\t\t\t#hotspot-14114 .hotspot-style-1 {\n\t\t\tstroke-width: ;\n\t\t\tfill: #ffffff;\n\t\t\tfill-opacity: 0;\n\t\t\tstroke: #ffffff;\n\t\t\tstroke-opacity: 0;\n\t\t}\n\t\t#hotspot-14114 .hotspot-style-1:hover,\n\t\t#hotspot-14114 .hotspot-style-1:focus,\n\t\t#hotspot-14114 .hotspot-style-1.hotspot-active {\n\t\t\tfill: #ffffff;\n\t\t\tfill-opacity: 0.81;\n\t\t\toutline: none;\n\t\t\tstroke: #ffffff;\n\t\t\tstroke-opacity: 0.26;\n\t\t}\n\t\t\t#hotspot-14114 .hotspot-default {\n\t\t\tstroke-width: ;\n\t\t\tfill: #ffffff;\n\t\t\tfill-opacity: 0;\n\t\t\tstroke: #ffffff;\n\t\t\tstroke-opacity: 0;\n\t\t}\n\t\t#hotspot-14114 .hotspot-default:hover,\n\t\t#hotspot-14114 .hotspot-default:focus,\n\t\t#hotspot-14114 .hotspot-default.hotspot-active {\n\t\t\tfill: #ffffff;\n\t\t\tfill-opacity: 0.41;\n\t\t\toutline: none;\n\t\t\tstroke: #ffffff;\n\t\t\tstroke-opacity: 0.26;\n\t\t}\n\t\t#hotspot-14114 .leaflet-tooltip,\n\t#hotspot-14114 .leaflet-rrose-content-wrapper {\n\t\tbackground: #ffffff;\n\t\tborder-color: #ffffff;\n\t\tcolor: #000000;\n\t}\n\n\t#hotspot-14114 a.leaflet-rrose-close-button {\n\t\tcolor: #000000;\n\t}\n\n\t#hotspot-14114 .leaflet-rrose-tip {\n\t\tbackground: #ffffff;\n\t}\n\n\t#hotspot-14114 .leaflet-popup-scrolled {\n\t\tborder-bottom-color: #000000;\n\t\tborder-top-color: #000000;\n\t}\n\n\t#hotspot-14114 .leaflet-tooltip-top:before {\n\t\tborder-top-color: #ffffff;\n\t}\n\n\t#hotspot-14114 .leaflet-tooltip-bottom:before {\n\t\tborder-bottom-color: #ffffff;\n\t}\n\t#hotspot-14114 .leaflet-tooltip-left:before {\n\t\tborder-left-color: #ffffff;\n\t}\n\t#hotspot-14114 .leaflet-tooltip-right:before {\n\t\tborder-right-color: #ffffff;\n\t}\n<\/style>\n\n\n\t<div class=\"hotspots-container  layout-right event-click\" id=\"hotspot-14114\" data-layout=\"right\" data-trigger=\"click\">\n\t\t<div class=\"hotspots-interaction\">\n\t\t\t\t<div class=\"hotspots-placeholder\" id=\"content-hotspot-14114\">\n\t\t<div class=\"hotspot-initial\">\n\t\t\t\t\t\t\t\t\t<h2 class=\"hotspot-title\">\n\t\t\t\tKlicken Sie auf ein Bildelement f\u00fcr weitere Informationen.\t\t\t<\/h2>\n\t\t\t\t\t\t<div class=\"hotspot-content\">\n\t\t\t\t\t\t\t<\/div>\n\t\t<\/div>\n\t<\/div>\n<div class=\"hotspots-image-container\">\n\t<img\n\t\twidth=\"841\"\n\t\theight=\"594\"\n\t\tsrc=\"https:\/\/praeventionsguidepsyche.de\/wp-content\/uploads\/2024\/09\/PW-IV-Zugaenge.png\"\n\t\talt=\"Klicken Sie auf ein Bildelement f\u00fcr weitere Informationen.\"\n\t\tclass=\"hotspots-image skip-lazy\"\n\t\tusemap=\"#hotspots-image-14114\"\n\t\tdata-image-title=\"Klicken Sie auf ein Bildelement f\u00fcr weitere Informationen.\"\n\t\tdata-image-description=\"\"\n\t\tdata-event-trigger=\"click\"\n\t\tdata-always-visible=\"false\"\n\t\tdata-id=\"14114\"\n\t\tdata-no-lazy=\"1\"\n\t\tdata-lazy-src=\"\"\n\t\tdata-lazy=\"false\"\n\t\tloading=\"eager\"\n\t\tdata-skip-lazy=\"1\"\n\t\t>\n<\/div>\t\t<\/div>\n\t\t<map name=\"hotspots-image-14114\" class=\"hotspots-map\">\n\t\t\t\t\t\t\t\t\t\t\t<area\n\t\t\t\t\tshape=\"polygon\"\n\t\t\t\t\tcoords=\"706,495,728,452,792,453,832,494,825,536,791,547,703,510\"\n\t\t\t\t\thref=\"#hotspot-hotspot-14114-0\"\n\t\t\t\t\trel=\"\"\n\t\t\t\t\ttitle=\"Bundesagentur f\u00fcr Arbeit \u2013 Aufgaben der Bundesagentur f\u00fcr Arbeit (\u00a7 187 SGB IX)\"\n\t\t\t\t\talt=\"Bundesagentur f\u00fcr Arbeit \u2013 Aufgaben der Bundesagentur f\u00fcr Arbeit (\u00a7 187 SGB IX)\"\n\t\t\t\t\tdata-action=\"\"\n\t\t\t\t\tdata-color-scheme=\"\"\n\t\t\t\t\tdata-id=\"area-hotspot-14114-0\"\n\t\t\t\t\ttarget=\"\"\n\t\t\t\t\tclass=\"more-info-area\"\n\t\t\t\t\t>\n\t\t\t\t\t\t\t\t\t\t\t<area\n\t\t\t\t\tshape=\"polygon\"\n\t\t\t\t\tcoords=\"222,126,267,149,324,152,346,140,353,117,304,56,252,62\"\n\t\t\t\t\thref=\"#hotspot-hotspot-14114-1\"\n\t\t\t\t\trel=\"\"\n\t\t\t\t\ttitle=\"UVT - Voraussetzungen und H\u00f6he des Rentenanspruchs (\u00a7 56 SGB VII)\"\n\t\t\t\t\talt=\"UVT - Voraussetzungen und H\u00f6he des Rentenanspruchs (\u00a7 56 SGB VII)\"\n\t\t\t\t\tdata-action=\"\"\n\t\t\t\t\tdata-color-scheme=\"\"\n\t\t\t\t\tdata-id=\"area-hotspot-14114-1\"\n\t\t\t\t\ttarget=\"\"\n\t\t\t\t\tclass=\"more-info-area\"\n\t\t\t\t\t>\n\t\t\t\t\t\t\t\t\t\t\t<area\n\t\t\t\t\tshape=\"polygon\"\n\t\t\t\t\tcoords=\"456,100,457,79,519,42,573,53,601,84,604,105,580,126,513,130\"\n\t\t\t\t\thref=\"#hotspot-hotspot-14114-2\"\n\t\t\t\t\trel=\"\"\n\t\t\t\t\ttitle=\"Bundesagentur f\u00fcr Arbeit - Leistungen zur Teilhabe am Arbeitsleben (\u00a7 16 SGB VI)\"\n\t\t\t\t\talt=\"Bundesagentur f\u00fcr Arbeit - Leistungen zur Teilhabe am Arbeitsleben (\u00a7 16 SGB VI)\"\n\t\t\t\t\tdata-action=\"\"\n\t\t\t\t\tdata-color-scheme=\"\"\n\t\t\t\t\tdata-id=\"area-hotspot-14114-2\"\n\t\t\t\t\ttarget=\"\"\n\t\t\t\t\tclass=\"more-info-area\"\n\t\t\t\t\t>\n\t\t\t\t\t\t\t\t\t\t\t<area\n\t\t\t\t\tshape=\"polygon\"\n\t\t\t\t\tcoords=\"32,439,121,350,228,402,240,448,183,498,60,498\"\n\t\t\t\t\thref=\"#hotspot-hotspot-14114-3\"\n\t\t\t\t\trel=\"\"\n\t\t\t\t\ttitle=\"Integrationsamt - Aufgaben des Integrationsamtes (\u00a7 185 SGB IX)\"\n\t\t\t\t\talt=\"Integrationsamt - Aufgaben des Integrationsamtes (\u00a7 185 SGB IX)\"\n\t\t\t\t\tdata-action=\"\"\n\t\t\t\t\tdata-color-scheme=\"\"\n\t\t\t\t\tdata-id=\"area-hotspot-14114-3\"\n\t\t\t\t\ttarget=\"\"\n\t\t\t\t\tclass=\"more-info-area\"\n\t\t\t\t\t>\n\t\t\t\t\t\t\t\t\t\t\t<area\n\t\t\t\t\tshape=\"polygon\"\n\t\t\t\t\tcoords=\"22,221,97,166,163,219,148,253,131,265,77,268,26,245\"\n\t\t\t\t\thref=\"#hotspot-hotspot-14114-4\"\n\t\t\t\t\trel=\"\"\n\t\t\t\t\ttitle=\"RV - Rente wegen (teilweiser) Erwerbsminderung (\u00a7 43 SGB VI)\"\n\t\t\t\t\talt=\"RV - Rente wegen (teilweiser) Erwerbsminderung (\u00a7 43 SGB VI)\"\n\t\t\t\t\tdata-action=\"\"\n\t\t\t\t\tdata-color-scheme=\"\"\n\t\t\t\t\tdata-id=\"area-hotspot-14114-4\"\n\t\t\t\t\ttarget=\"\"\n\t\t\t\t\tclass=\"more-info-area\"\n\t\t\t\t\t>\n\t\t\t\t\t\t\t\t\t\t\t<area\n\t\t\t\t\tshape=\"polygon\"\n\t\t\t\t\tcoords=\"554,446,566,389,609,362,662,413,675,464,645,482,600,481\"\n\t\t\t\t\thref=\"#hotspot-hotspot-14114-5\"\n\t\t\t\t\trel=\"\"\n\t\t\t\t\ttitle=\"IFD - Unterst\u00fctzte Besch\u00e4ftigung (Integrationsamt und IFD) (\u00a7 55 SGB IX)\"\n\t\t\t\t\talt=\"IFD - Unterst\u00fctzte Besch\u00e4ftigung (Integrationsamt und IFD) (\u00a7 55 SGB IX)\"\n\t\t\t\t\tdata-action=\"\"\n\t\t\t\t\tdata-color-scheme=\"\"\n\t\t\t\t\tdata-id=\"area-hotspot-14114-5\"\n\t\t\t\t\ttarget=\"\"\n\t\t\t\t\tclass=\"more-info-area\"\n\t\t\t\t\t>\n\t\t\t\t\t\t\t\t\t\t\t<area\n\t\t\t\t\tshape=\"polygon\"\n\t\t\t\t\tcoords=\"668,210,722,169,778,201,787,237,754,264,667,233\"\n\t\t\t\t\thref=\"#hotspot-hotspot-14114-6\"\n\t\t\t\t\trel=\"\"\n\t\t\t\t\ttitle=\"Bundesagentur f\u00fcr Arbeit \u2013 Aufgaben der Bundesagentur f\u00fcr Arbeit (\u00a7 187 SGB IX)\"\n\t\t\t\t\talt=\"Bundesagentur f\u00fcr Arbeit \u2013 Aufgaben der Bundesagentur f\u00fcr Arbeit (\u00a7 187 SGB IX)\"\n\t\t\t\t\tdata-action=\"\"\n\t\t\t\t\tdata-color-scheme=\"\"\n\t\t\t\t\tdata-id=\"area-hotspot-14114-6\"\n\t\t\t\t\ttarget=\"\"\n\t\t\t\t\tclass=\"more-info-area\"\n\t\t\t\t\t>\n\t\t\t\t\t<\/map>\n\n\t\t\n\t\t\t\t\t\n\t\t\t\t\t\t<div class=\"hotspot-info \" id=\"hotspot-hotspot-14114-0\">\n\t\t\t\t\n\t\t\t\t<h2 class=\"hotspot-title\">Bundesagentur f\u00fcr Arbeit \u2013 Aufgaben der Bundesagentur f\u00fcr Arbeit (\u00a7 187 SGB IX)<\/h2>\t\t\t\t\t\t\t\t<div class=\"hotspot-content\">\n\t\t\t\t\t<p>&nbsp;<\/p>\n<p style=\"margin-top: 0pt;margin-bottom: 0pt;margin-left: 0in;text-align: left;direction: ltr\"><span style=\"font-size: 11.0pt;color: black;font-weight: normal;font-style: normal\">z<\/span><span style=\"font-size: 11.0pt;color: black;font-weight: normal;font-style: normal\">.<\/span> <span style=\"font-size: 11.0pt;color: black;font-weight: normal;font-style: normal\">B<\/span><span style=\"font-size: 11.0pt;color: black;font-weight: normal;font-style: normal\">. <\/span><\/p>\n<ul>\n<li><span style=\"font-size: 11.0pt;color: black;font-weight: normal;font-style: normal\">Berufsberatung, Ausbildungsvermittlung und Arbeitsvermittlung schwerbehinderter Menschen einschlie\u00dflich der Vermittlung von in Werkst\u00e4tten f\u00fcr behinderte Menschen Besch\u00e4ftigten auf den allgemeinen Arbeitsmarkt<\/span><\/li>\n<li><span style=\"font-size: 11.0pt;color: black\">F\u00f6rderung der Teilhabe schwerbehinderter Menschen am Arbeitsleben auf dem allgemeinen Arbeitsmarkt<\/span><\/li>\n<\/ul>\n\t\t\t\t<\/div>\n\t\t\t<\/div>\n\t\t\t\t\t\n\t\t\t\t\t\t<div class=\"hotspot-info \" id=\"hotspot-hotspot-14114-1\">\n\t\t\t\t\n\t\t\t\t<h2 class=\"hotspot-title\">UVT - Voraussetzungen und H\u00f6he des Rentenanspruchs (\u00a7 56 SGB VII)<\/h2>\t\t\t\t\t\t\t\t<div class=\"hotspot-content\">\n\t\t\t\t\t<p>&nbsp;<\/p>\n<p style=\"margin-top: 0pt;margin-bottom: 0pt;margin-left: 0in;text-align: left;direction: ltr\"><span style=\"font-size: 11.0pt;color: black\">Rente wegen teilweise und voller Erwerbsminderung eines <\/span><span style=\"font-size: 11.0pt;color: black\">Versicherungsfalls<\/span><\/p>\n\t\t\t\t<\/div>\n\t\t\t<\/div>\n\t\t\t\t\t\n\t\t\t\t\t\t<div class=\"hotspot-info \" id=\"hotspot-hotspot-14114-2\">\n\t\t\t\t\n\t\t\t\t<h2 class=\"hotspot-title\">Bundesagentur f\u00fcr Arbeit - Leistungen zur Teilhabe am Arbeitsleben (\u00a7 16 SGB VI)<\/h2>\t\t\t\t\t\t\t\t<div class=\"hotspot-content\">\n\t\t\t\t\t<p>&nbsp;<\/p>\n<p style=\"margin-top: 0pt;margin-bottom: 0pt;margin-left: 0in;text-align: left;direction: ltr\"><span style=\"font-size: 11.0pt;color: black\">z. B. Eingliederungszusch\u00fcsse, teilweise oder volle Kostenerstattung f\u00fcr eine befristete <\/span><span style=\"font-size: 11.0pt;color: black\">Probebesch\u00e4ftigung<\/span><\/p>\n\t\t\t\t<\/div>\n\t\t\t<\/div>\n\t\t\t\t\t\n\t\t\t\t\t\t<div class=\"hotspot-info \" id=\"hotspot-hotspot-14114-3\">\n\t\t\t\t\n\t\t\t\t<h2 class=\"hotspot-title\">Integrationsamt - Aufgaben des Integrationsamtes (\u00a7 185 SGB IX)<\/h2>\t\t\t\t\t\t\t\t<div class=\"hotspot-content\">\n\t\t\t\t\t<p>&nbsp;<\/p>\n<p style=\"margin-top: 0pt;margin-bottom: 0pt;margin-left: 0in;text-align: left;direction: ltr\"><span style=\"font-size: 11.0pt;color: black;font-weight: normal;font-style: normal\">begleitende <\/span><span style=\"font-size: 11.0pt;color: black;font-weight: normal;font-style: normal\">Hilfe im Arbeitsleben <\/span><span style=\"font-size: 11.0pt;color: black;font-weight: normal;font-style: normal\">(<\/span><span style=\"font-size: 11.0pt;color: black;font-weight: normal;font-style: normal\">wird in <\/span><span style=\"font-size: 11.0pt;color: black;font-weight: normal;font-style: normal\">enger Zusammenarbeit mit der Bundesagentur f\u00fcr Arbeit und den \u00fcbrigen <\/span><span style=\"font-size: 11.0pt;color: black;font-weight: normal;font-style: normal\">Rehabilitationstr\u00e4gern<\/span> <span style=\"font-size: 11.0pt;color: black;font-weight: normal;font-style: normal\">durchgef\u00fchrt<\/span><span style=\"font-size: 11.0pt;color: black;font-weight: normal;font-style: normal\">)<\/span><\/p>\n\t\t\t\t<\/div>\n\t\t\t<\/div>\n\t\t\t\t\t\n\t\t\t\t\t\t<div class=\"hotspot-info \" id=\"hotspot-hotspot-14114-4\">\n\t\t\t\t\n\t\t\t\t<h2 class=\"hotspot-title\">RV - Rente wegen (teilweiser) Erwerbsminderung (\u00a7 43 SGB VI)<\/h2>\t\t\t\t\t\t\t\t<div class=\"hotspot-content\">\n\t\t\t\t\t\t\t\t\t<\/div>\n\t\t\t<\/div>\n\t\t\t\t\t\n\t\t\t\t\t\t<div class=\"hotspot-info \" id=\"hotspot-hotspot-14114-5\">\n\t\t\t\t\n\t\t\t\t<h2 class=\"hotspot-title\">IFD - Unterst\u00fctzte Besch\u00e4ftigung (Integrationsamt und IFD) (\u00a7 55 SGB IX)<\/h2>\t\t\t\t\t\t\t\t<div class=\"hotspot-content\">\n\t\t\t\t\t<p><span style=\"font-size: 11.0pt;color: black;font-weight: normal;font-style: normal\">Beratung <\/span><span style=\"font-size: 11.0pt;color: black;font-style: normal\">der AG bei der Besetzung von Ausbildungs- und Arbeitspl\u00e4tzen <\/span><span style=\"font-size: 11.0pt;color: black;font-weight: normal;font-style: normal\">mit <\/span><span style=\"font-size: 11.0pt;color: black;font-weight: normal;font-style: normal\">schwerbehinderten Menschen<\/span><\/p>\n\t\t\t\t<\/div>\n\t\t\t<\/div>\n\t\t\t\t\t\n\t\t\t\t\t\t<div class=\"hotspot-info \" id=\"hotspot-hotspot-14114-6\">\n\t\t\t\t\n\t\t\t\t<h2 class=\"hotspot-title\">Bundesagentur f\u00fcr Arbeit \u2013 Aufgaben der Bundesagentur f\u00fcr Arbeit (\u00a7 187 SGB IX)<\/h2>\t\t\t\t\t\t\t\t<div class=\"hotspot-content\">\n\t\t\t\t\t<p><span style=\"font-size: 11.0pt;color: black;font-weight: normal;font-style: normal\">Beratung <\/span><span style=\"font-size: 11.0pt;color: black;font-style: normal\">der AG bei der Besetzung von Ausbildungs- und Arbeitspl\u00e4tzen <\/span><span style=\"font-size: 11.0pt;color: black;font-weight: normal;font-style: normal\">mit <\/span><span style=\"font-size: 11.0pt;color: black;font-weight: normal;font-style: normal\">schwerbehinderten Menschen<\/span><\/p>\n\t\t\t\t<\/div>\n\t\t\t<\/div>\n\t\t\t<\/div>\n\n\n<\/div><\/section>\n","protected":false},"excerpt":{"rendered":"","protected":false},"featured_media":6446,"template":"","tags":[],"portfolio_entries":[19],"class_list":["post-146","portfolio","type-portfolio","status-publish","has-post-thumbnail","hentry","portfolio_entries-bestandsaufnahme"],"yoast_head":"<!-- This site is optimized with the Yoast SEO plugin v27.1.1 - https:\/\/yoast.com\/product\/yoast-seo-wordpress\/ -->\n<title>Projektstand Zug\u00e4nge | Stand September 2024 - Pr\u00e4ventionsguide Psyche<\/title>\n<meta name=\"robots\" content=\"index, follow, max-snippet:-1, max-image-preview:large, max-video-preview:-1\" \/>\n<link rel=\"canonical\" href=\"https:\/\/praeventionsguidepsyche.de\/index.php\/portfolio-item\/psygap-de-portfolio-item-zugaenge-zu-praeventions-und-reha-angeboten\/\" \/>\n<meta property=\"og:locale\" content=\"de_DE\" \/>\n<meta property=\"og:type\" content=\"article\" \/>\n<meta property=\"og:title\" content=\"Projektstand Zug\u00e4nge | Stand September 2024 - Pr\u00e4ventionsguide Psyche\" \/>\n<meta property=\"og:url\" content=\"https:\/\/praeventionsguidepsyche.de\/index.php\/portfolio-item\/psygap-de-portfolio-item-zugaenge-zu-praeventions-und-reha-angeboten\/\" \/>\n<meta property=\"og:site_name\" content=\"Pr\u00e4ventionsguide Psyche\" \/>\n<meta property=\"article:modified_time\" content=\"2024-10-23T14:20:45+00:00\" \/>\n<meta name=\"twitter:card\" content=\"summary_large_image\" \/>\n<meta name=\"twitter:label1\" content=\"Gesch\u00e4tzte Lesezeit\" \/>\n\t<meta name=\"twitter:data1\" content=\"10\u00a0Minuten\" \/>\n<script type=\"application\/ld+json\" class=\"yoast-schema-graph\">{\"@context\":\"https:\/\/schema.org\",\"@graph\":[{\"@type\":\"WebPage\",\"@id\":\"https:\/\/praeventionsguidepsyche.de\/index.php\/portfolio-item\/psygap-de-portfolio-item-zugaenge-zu-praeventions-und-reha-angeboten\/\",\"url\":\"https:\/\/praeventionsguidepsyche.de\/index.php\/portfolio-item\/psygap-de-portfolio-item-zugaenge-zu-praeventions-und-reha-angeboten\/\",\"name\":\"Projektstand Zug\u00e4nge | Stand September 2024 - Pr\u00e4ventionsguide Psyche\",\"isPartOf\":{\"@id\":\"https:\/\/praeventionsguidepsyche.de\/#website\"},\"primaryImageOfPage\":{\"@id\":\"https:\/\/praeventionsguidepsyche.de\/index.php\/portfolio-item\/psygap-de-portfolio-item-zugaenge-zu-praeventions-und-reha-angeboten\/#primaryimage\"},\"image\":{\"@id\":\"https:\/\/praeventionsguidepsyche.de\/index.php\/portfolio-item\/psygap-de-portfolio-item-zugaenge-zu-praeventions-und-reha-angeboten\/#primaryimage\"},\"thumbnailUrl\":\"https:\/\/praeventionsguidepsyche.de\/wp-content\/uploads\/2024\/03\/Zugaenge.svg\",\"datePublished\":\"2024-03-15T14:38:00+00:00\",\"dateModified\":\"2024-10-23T14:20:45+00:00\",\"breadcrumb\":{\"@id\":\"https:\/\/praeventionsguidepsyche.de\/index.php\/portfolio-item\/psygap-de-portfolio-item-zugaenge-zu-praeventions-und-reha-angeboten\/#breadcrumb\"},\"inLanguage\":\"de\",\"potentialAction\":[{\"@type\":\"ReadAction\",\"target\":[\"https:\/\/praeventionsguidepsyche.de\/index.php\/portfolio-item\/psygap-de-portfolio-item-zugaenge-zu-praeventions-und-reha-angeboten\/\"]}]},{\"@type\":\"ImageObject\",\"inLanguage\":\"de\",\"@id\":\"https:\/\/praeventionsguidepsyche.de\/index.php\/portfolio-item\/psygap-de-portfolio-item-zugaenge-zu-praeventions-und-reha-angeboten\/#primaryimage\",\"url\":\"https:\/\/praeventionsguidepsyche.de\/wp-content\/uploads\/2024\/03\/Zugaenge.svg\",\"contentUrl\":\"https:\/\/praeventionsguidepsyche.de\/wp-content\/uploads\/2024\/03\/Zugaenge.svg\",\"width\":907,\"height\":733},{\"@type\":\"BreadcrumbList\",\"@id\":\"https:\/\/praeventionsguidepsyche.de\/index.php\/portfolio-item\/psygap-de-portfolio-item-zugaenge-zu-praeventions-und-reha-angeboten\/#breadcrumb\",\"itemListElement\":[{\"@type\":\"ListItem\",\"position\":1,\"name\":\"Start\",\"item\":\"https:\/\/praeventionsguidepsyche.de\/index.php\/start\/\"},{\"@type\":\"ListItem\",\"position\":2,\"name\":\"Projektstand Zug\u00e4nge | Stand September 2024\"}]},{\"@type\":\"WebSite\",\"@id\":\"https:\/\/praeventionsguidepsyche.de\/#website\",\"url\":\"https:\/\/praeventionsguidepsyche.de\/\",\"name\":\"Pr\u00e4ventionsguide Psyche\",\"description\":\"\",\"potentialAction\":[{\"@type\":\"SearchAction\",\"target\":{\"@type\":\"EntryPoint\",\"urlTemplate\":\"https:\/\/praeventionsguidepsyche.de\/?s={search_term_string}\"},\"query-input\":{\"@type\":\"PropertyValueSpecification\",\"valueRequired\":true,\"valueName\":\"search_term_string\"}}],\"inLanguage\":\"de\"}]}<\/script>\n<!-- \/ Yoast SEO plugin. -->","yoast_head_json":{"title":"Projektstand Zug\u00e4nge | Stand September 2024 - Pr\u00e4ventionsguide Psyche","robots":{"index":"index","follow":"follow","max-snippet":"max-snippet:-1","max-image-preview":"max-image-preview:large","max-video-preview":"max-video-preview:-1"},"canonical":"https:\/\/praeventionsguidepsyche.de\/index.php\/portfolio-item\/psygap-de-portfolio-item-zugaenge-zu-praeventions-und-reha-angeboten\/","og_locale":"de_DE","og_type":"article","og_title":"Projektstand Zug\u00e4nge | Stand September 2024 - Pr\u00e4ventionsguide Psyche","og_url":"https:\/\/praeventionsguidepsyche.de\/index.php\/portfolio-item\/psygap-de-portfolio-item-zugaenge-zu-praeventions-und-reha-angeboten\/","og_site_name":"Pr\u00e4ventionsguide Psyche","article_modified_time":"2024-10-23T14:20:45+00:00","twitter_card":"summary_large_image","twitter_misc":{"Gesch\u00e4tzte Lesezeit":"10\u00a0Minuten"},"schema":{"@context":"https:\/\/schema.org","@graph":[{"@type":"WebPage","@id":"https:\/\/praeventionsguidepsyche.de\/index.php\/portfolio-item\/psygap-de-portfolio-item-zugaenge-zu-praeventions-und-reha-angeboten\/","url":"https:\/\/praeventionsguidepsyche.de\/index.php\/portfolio-item\/psygap-de-portfolio-item-zugaenge-zu-praeventions-und-reha-angeboten\/","name":"Projektstand Zug\u00e4nge | Stand September 2024 - Pr\u00e4ventionsguide Psyche","isPartOf":{"@id":"https:\/\/praeventionsguidepsyche.de\/#website"},"primaryImageOfPage":{"@id":"https:\/\/praeventionsguidepsyche.de\/index.php\/portfolio-item\/psygap-de-portfolio-item-zugaenge-zu-praeventions-und-reha-angeboten\/#primaryimage"},"image":{"@id":"https:\/\/praeventionsguidepsyche.de\/index.php\/portfolio-item\/psygap-de-portfolio-item-zugaenge-zu-praeventions-und-reha-angeboten\/#primaryimage"},"thumbnailUrl":"https:\/\/praeventionsguidepsyche.de\/wp-content\/uploads\/2024\/03\/Zugaenge.svg","datePublished":"2024-03-15T14:38:00+00:00","dateModified":"2024-10-23T14:20:45+00:00","breadcrumb":{"@id":"https:\/\/praeventionsguidepsyche.de\/index.php\/portfolio-item\/psygap-de-portfolio-item-zugaenge-zu-praeventions-und-reha-angeboten\/#breadcrumb"},"inLanguage":"de","potentialAction":[{"@type":"ReadAction","target":["https:\/\/praeventionsguidepsyche.de\/index.php\/portfolio-item\/psygap-de-portfolio-item-zugaenge-zu-praeventions-und-reha-angeboten\/"]}]},{"@type":"ImageObject","inLanguage":"de","@id":"https:\/\/praeventionsguidepsyche.de\/index.php\/portfolio-item\/psygap-de-portfolio-item-zugaenge-zu-praeventions-und-reha-angeboten\/#primaryimage","url":"https:\/\/praeventionsguidepsyche.de\/wp-content\/uploads\/2024\/03\/Zugaenge.svg","contentUrl":"https:\/\/praeventionsguidepsyche.de\/wp-content\/uploads\/2024\/03\/Zugaenge.svg","width":907,"height":733},{"@type":"BreadcrumbList","@id":"https:\/\/praeventionsguidepsyche.de\/index.php\/portfolio-item\/psygap-de-portfolio-item-zugaenge-zu-praeventions-und-reha-angeboten\/#breadcrumb","itemListElement":[{"@type":"ListItem","position":1,"name":"Start","item":"https:\/\/praeventionsguidepsyche.de\/index.php\/start\/"},{"@type":"ListItem","position":2,"name":"Projektstand Zug\u00e4nge | Stand September 2024"}]},{"@type":"WebSite","@id":"https:\/\/praeventionsguidepsyche.de\/#website","url":"https:\/\/praeventionsguidepsyche.de\/","name":"Pr\u00e4ventionsguide Psyche","description":"","potentialAction":[{"@type":"SearchAction","target":{"@type":"EntryPoint","urlTemplate":"https:\/\/praeventionsguidepsyche.de\/?s={search_term_string}"},"query-input":{"@type":"PropertyValueSpecification","valueRequired":true,"valueName":"search_term_string"}}],"inLanguage":"de"}]}},"jetpack_sharing_enabled":true,"_links":{"self":[{"href":"https:\/\/praeventionsguidepsyche.de\/index.php\/wp-json\/wp\/v2\/portfolio\/146","targetHints":{"allow":["GET"]}}],"collection":[{"href":"https:\/\/praeventionsguidepsyche.de\/index.php\/wp-json\/wp\/v2\/portfolio"}],"about":[{"href":"https:\/\/praeventionsguidepsyche.de\/index.php\/wp-json\/wp\/v2\/types\/portfolio"}],"version-history":[{"count":66,"href":"https:\/\/praeventionsguidepsyche.de\/index.php\/wp-json\/wp\/v2\/portfolio\/146\/revisions"}],"predecessor-version":[{"id":14135,"href":"https:\/\/praeventionsguidepsyche.de\/index.php\/wp-json\/wp\/v2\/portfolio\/146\/revisions\/14135"}],"wp:featuredmedia":[{"embeddable":true,"href":"https:\/\/praeventionsguidepsyche.de\/index.php\/wp-json\/wp\/v2\/media\/6446"}],"wp:attachment":[{"href":"https:\/\/praeventionsguidepsyche.de\/index.php\/wp-json\/wp\/v2\/media?parent=146"}],"wp:term":[{"taxonomy":"post_tag","embeddable":true,"href":"https:\/\/praeventionsguidepsyche.de\/index.php\/wp-json\/wp\/v2\/tags?post=146"},{"taxonomy":"portfolio_entries","embeddable":true,"href":"https:\/\/praeventionsguidepsyche.de\/index.php\/wp-json\/wp\/v2\/portfolio_entries?post=146"}],"curies":[{"name":"wp","href":"https:\/\/api.w.org\/{rel}","templated":true}]}}